{"id":31348,"date":"2024-12-03T08:36:44","date_gmt":"2024-12-03T07:36:44","guid":{"rendered":"https:\/\/malin-krk.com\/?page_id=31348"},"modified":"2024-12-04T12:10:39","modified_gmt":"2024-12-04T11:10:39","slug":"weihnachtsferien-hotel_malin","status":"publish","type":"page","link":"https:\/\/malin-krk.com\/it\/albergo-malin\/offerte-speciali-dellalbergo-malin\/weihnachtsferien-hotel_malin\/","title":{"rendered":"VACANZE DI NATALE"},"content":{"rendered":"<!DOCTYPE html PUBLIC \"-\/\/W3C\/\/DTD HTML 4.0 Transitional\/\/EN\" \"http:\/\/www.w3.org\/TR\/REC-html40\/loose.dtd\">\n<html><body><h1>VACANZE DI NATALE<\/h1>\n<p><strong>Offerta valida dal: 23.12.-29.12.2024<\/strong><\/p>\n<p><strong>Il pacchetto include: <\/strong><\/p>\n<ul>\n<li>2 o 3 notti con colazione e cena incluse per due persone e 1 bambino fino a 7 anni in camera doppia con balcone<\/li>\n<li>Drink di benvenuto (vin brul&eacute; o cioccolata calda) con biscotti secchi fatti in casa<\/li>\n<li>Offerta occasionale di cibo e bevande<\/li>\n<li>Angolo fotografico con presepe<\/li>\n<li>Uso illimitato della piscina interna riscaldata e della zona relax<\/li>\n<li>1 x utilizzo della sauna durante il soggiorno per 120 min. A persona (sauna finlandese, biosauna, bagno turco, sauna a infrarossi con sale dell&rsquo;Himalaya) &ndash; soggetto a disponibilit&agrave; e previa prenotazione alla reception del centro benessere<\/li>\n<li>Set benessere in camera (accappatoio, asciugamano e ciabatte)<\/li>\n<li>Uso illimitato del parco giochi per bambini all&rsquo;aperto e della sala giochi per bambini<\/li>\n<li>Wi-Fi e parcheggio gratuiti (soggetti a disponibilit&agrave;)<\/li>\n<li>Possibilit&agrave; di check-in anticipato e check-out posticipato in hotel (soggetto a disponibilit&agrave;)<\/li>\n<\/ul>\n<p><strong>Prezzo del pacchetto da 2 notti: &euro; 285,00<\/strong><\/p>\n<p><strong>Prezzo del pacchetto da 3 notti: &euro; 375,00<\/strong><\/p>\n<p>Tassa di soggiorno &euro; 1,00 a persona\/notte. I bambini di et&agrave; inferiore a 12 anni non pagano la tassa di soggiorno. Supplementi in loco (con prenotazione anticipata):<\/p>\n<ul>\n<li>Supplemento per suite: &euro; 30,00 a notte<\/li>\n<li>Notte aggiuntiva &euro; 120,00 &ndash; su richiesta<\/li>\n<li>In una camera doppia, un bambino fino a 6,99 anni &egrave; gratuito, un bambino da 7 a 11,99 anni paga un supplemento di &euro; 25,00 a notte<\/li>\n<li>In una suite, il primo bambino fino a 11,99 anni &egrave; gratuito e il secondo bambino fino a 11,99 anni paga un supplemento di &euro; 25,00 a notte<\/li>\n<li>Terzo adulto su letto supplementare &euro; 70,00 a persona\/notte.<\/li>\n<li>Culla per bambini fino a 3 anni: &euro; 7,00 a notte.<\/li>\n<\/ul>\n<p>Descrizione della camera e della suite: Questa &egrave; una camera doppia con balcone. &Egrave; dotata di aria condizionata e dotata di TV satellitare, telefono, divano letto (per 1 persona), scrivania, minibar, cassaforte e asciugacapelli.<\/p>\n<p>La suite familiare &egrave; composta da una camera da letto con letto matrimoniale e un soggiorno con divano letto. La camera &egrave; dotata di TV satellitare, telefono, scrivania, minibar, cassaforte e asciugacapelli.<\/p>\n\n\t\t\t\t\t\t<ul class='img-galerija list-inline list-unstyled fancybox-show-nav'>\n\n\t\t\t\t\t\t\t\n\t\t\t\t\t\t\t<li class=\"col-md-4 col-sm-6 col-xs-4 thumb-wrapper\">\n\t\t\t\t\t\t\t\t<a class=\"fancybox\" data-fancybox=\"group\" rel=\"group\" data-title=\"VACANZE DI NATALE\" href=\"https:\/\/malin-krk.com\/wp-content\/uploads\/2024\/12\/Dani-bakalara-Mulino-01.jpg\" data-title=\"VACANZE DI NATALE\">\n\t\t\t\t\t\t\t\t\t<img decoding=\"async\" class=\"thumb img-responsive\" src=\"https:\/\/malin-krk.com\/wp-content\/uploads\/2024\/12\/Dani-bakalara-Mulino-01-400x400.jpg\" alt=\"VACANZE DI NATALE\">\n\t\t\t\t\t\t\t\t<\/a>\n\t\t\t\t\t\t\t<\/li>\n\n\t\t\t\t\t\t\t\n\t\t\t\t\t\t\t<li class=\"col-md-4 col-sm-6 col-xs-4 thumb-wrapper\">\n\t\t\t\t\t\t\t\t<a class=\"fancybox\" data-fancybox=\"group\" rel=\"group\" data-title=\"VACANZE DI NATALE\" href=\"https:\/\/malin-krk.com\/wp-content\/uploads\/2024\/12\/IMG_9243.jpg\" data-title=\"VACANZE DI NATALE\">\n\t\t\t\t\t\t\t\t\t<img decoding=\"async\" class=\"thumb img-responsive\" src=\"https:\/\/malin-krk.com\/wp-content\/uploads\/2024\/12\/IMG_9243-400x400.jpg\" alt=\"VACANZE DI NATALE\">\n\t\t\t\t\t\t\t\t<\/a>\n\t\t\t\t\t\t\t<\/li>\n\n\t\t\t\t\t\t\t\n\t\t\t\t\t\t\t<li class=\"col-md-4 col-sm-6 col-xs-4 thumb-wrapper\">\n\t\t\t\t\t\t\t\t<a class=\"fancybox\" data-fancybox=\"group\" rel=\"group\" data-title=\"VACANZE DI NATALE\" href=\"https:\/\/malin-krk.com\/wp-content\/uploads\/2024\/12\/IMG_9289.jpg\" data-title=\"VACANZE DI NATALE\">\n\t\t\t\t\t\t\t\t\t<img decoding=\"async\" class=\"thumb img-responsive\" src=\"https:\/\/malin-krk.com\/wp-content\/uploads\/2024\/12\/IMG_9289-400x400.jpg\" alt=\"VACANZE DI NATALE\">\n\t\t\t\t\t\t\t\t<\/a>\n\t\t\t\t\t\t\t<\/li>\n\n\t\t\t\t\t\t\t\t\t\t\t\t\t<\/ul>\n\t\t\t\t\t\t\n<p><strong>Informazioni e prenotazioni:<\/strong><\/p>\n\n<div class=\"wpcf7 no-js\" id=\"wpcf7-f864-o1\" lang=\"hr-HR\" dir=\"ltr\" data-wpcf7-id=\"864\">\n<div class=\"screen-reader-response\"><p role=\"status\" aria-live=\"polite\" aria-atomic=\"true\"><\/p> <ul><\/ul><\/div>\n<form action=\"\/it\/wp-json\/wp\/v2\/pages\/31348#wpcf7-f864-o1\" method=\"post\" class=\"wpcf7-form init\" aria-label=\"Modulo di contatto\" novalidate=\"novalidate\" data-status=\"init\">\n<fieldset class=\"hidden-fields-container\"><input type=\"hidden\" name=\"_wpcf7\" value=\"864\" \/><input type=\"hidden\" name=\"_wpcf7_version\" value=\"6.1.5\" \/><input type=\"hidden\" name=\"_wpcf7_locale\" value=\"hr_HR\" \/><input type=\"hidden\" name=\"_wpcf7_unit_tag\" value=\"wpcf7-f864-o1\" \/><input type=\"hidden\" name=\"_wpcf7_container_post\" value=\"0\" \/><input type=\"hidden\" name=\"_wpcf7_posted_data_hash\" value=\"\" \/>\n<\/fieldset>\n<p><label>Nome e cognome*<br \/>\n<span class=\"wpcf7-form-control-wrap\" data-name=\"your-name\"><input size=\"40\" maxlength=\"400\" class=\"wpcf7-form-control wpcf7-text wpcf7-validates-as-required\" aria-required=\"true\" aria-invalid=\"false\" value=\"\" type=\"text\" name=\"your-name\" \/><\/span> <\/label>\n<\/p>\n<p><label>Email*<br \/>\n<span class=\"wpcf7-form-control-wrap\" data-name=\"your-email\"><input size=\"40\" maxlength=\"400\" class=\"wpcf7-form-control wpcf7-email wpcf7-validates-as-required wpcf7-text wpcf7-validates-as-email\" aria-required=\"true\" aria-invalid=\"false\" value=\"\" type=\"email\" name=\"your-email\" \/><\/span> <\/label>\n<\/p>\n<p><label>Oggetto*<br \/>\n<span class=\"wpcf7-form-control-wrap\" data-name=\"your-subject\"><input size=\"40\" maxlength=\"400\" class=\"wpcf7-form-control wpcf7-text wpcf7-validates-as-required\" aria-required=\"true\" aria-invalid=\"false\" value=\"\" type=\"text\" name=\"your-subject\" \/><\/span> <\/label>\n<\/p>\n<p><label>Messaggio*<br \/>\n<span class=\"wpcf7-form-control-wrap\" data-name=\"your-message\"><textarea cols=\"40\" rows=\"10\" maxlength=\"2000\" class=\"wpcf7-form-control wpcf7-textarea wpcf7-validates-as-required\" aria-required=\"true\" aria-invalid=\"false\" name=\"your-message\"><\/textarea><\/span> <\/label>\n<\/p>\n<p><label>Destinatario<br \/>\n<span class=\"wpcf7-form-control-wrap\" data-name=\"your-recipient\"><select class=\"wpcf7-form-control wpcf7-select wpcf7-validates-as-required\" aria-required=\"true\" aria-invalid=\"false\" name=\"your-recipient\"><option value=\"\">&#8212;Seleziona un&#039;opzione&#8212;<\/option><option value=\"Hotel Malin\">Hotel Malin<\/option><option value=\"Ville e apartamenti\">Ville e apartamenti<\/option><option value=\"Case mobili\">Case mobili<\/option><option value=\"Campeggio Tiha \u0160ilo\">Campeggio Tiha \u0160ilo<\/option><\/select><\/span><\/label>\n<\/p>\n<p><label>Captcha<br \/>\n<input type=\"hidden\" name=\"_wpcf7_captcha_challenge_captcha-1\" value=\"3644803499\" \/><img decoding=\"async\" class=\"wpcf7-form-control wpcf7-captchac wpcf7-captcha-captcha-1\" width=\"84\" height=\"28\" alt=\"captcha\" src=\"https:\/\/malin-krk.com\/wp-content\/uploads\/wpcf7_captcha\/3644803499.png\" \/><span class=\"wpcf7-form-control-wrap\" data-name=\"captcha-1\"><input size=\"40\" maxlength=\"100\" class=\"wpcf7-form-control wpcf7-captchar\" autocomplete=\"off\" aria-invalid=\"false\" placeholder=\"Inserite i caratteri\" value=\"\" type=\"text\" name=\"captcha-1\" \/><\/span><br \/>\n<\/label>\n<\/p>\n<p><span class=\"wpcf7-form-control-wrap\" data-name=\"your-consent\"><span class=\"wpcf7-form-control wpcf7-acceptance\"><span class=\"wpcf7-list-item\"><label><input type=\"checkbox\" name=\"your-consent\" value=\"1\" aria-invalid=\"false\" \/><span class=\"wpcf7-list-item-label\">Siete pregati di contrassegnare per accettare di salvare i dati in conformit\u00e0 con le linee guida contenute nella nostra <a href=\"https:\/\/malin-krk.com\/it\/note-legali-per-luso\/\">Informativa sulla privacy<\/a><\/span><\/label><\/span><\/span><\/span>\n<\/p>\n<p><input class=\"wpcf7-form-control wpcf7-submit has-spinner btn\" type=\"submit\" value=\"Invia\" \/>\n<\/p><div class=\"wpcf7-response-output\" aria-hidden=\"true\"><\/div>\n<\/form>\n<\/div>\n\n<\/body><\/html>\n","protected":false},"excerpt":{"rendered":"<p>VACANZE DI NATALE Offerta valida dal: 23.12.-29.12.2024 Il pacchetto include: 2 o 3 notti con colazione e cena incluse per due persone e 1 bambino fino a 7 anni in camera doppia con balcone Drink di benvenuto (vin brul&eacute; o cioccolata calda) con biscotti secchi fatti in casa Offerta occasionale di cibo e bevande Angolo [&hellip;]<\/p>\n","protected":false},"author":2,"featured_media":31307,"parent":1287,"menu_order":0,"comment_status":"closed","ping_status":"closed","template":"","meta":{"_acf_changed":false,"footnotes":""},"class_list":["post-31348","page","type-page","status-publish","has-post-thumbnail","hentry"],"acf":[],"yoast_head":"<!-- This site is optimized with the Yoast SEO plugin v27.5 - https:\/\/yoast.com\/product\/yoast-seo-wordpress\/ -->\n<title>VACANZE DI NATALE - Albergo Malin<\/title>\n<meta name=\"description\" content=\"Weihnachtsferien, Advent im Hotel Malin. Verbringen Sie den sch\u00f6nsten Teil des Jahres in Malinska auf der Insel Krk. Zwei oder drei N\u00e4chte inklusive Fr\u00fchst\u00fcck und Abendessen f\u00fcr zwei Personen und 1 Kind\" \/>\n<meta name=\"robots\" content=\"index, follow, max-snippet:-1, max-image-preview:large, max-video-preview:-1\" \/>\n<link rel=\"canonical\" href=\"https:\/\/malin-krk.com\/it\/albergo-malin\/offerte-speciali-dellalbergo-malin\/weihnachtsferien-hotel_malin\/\" \/>\n<meta property=\"og:locale\" content=\"it_IT\" \/>\n<meta property=\"og:type\" content=\"article\" \/>\n<meta property=\"og:title\" content=\"VACANZE DI NATALE - Albergo Malin\" \/>\n<meta property=\"og:description\" content=\"Weihnachtsferien, Advent im Hotel Malin. Verbringen Sie den sch\u00f6nsten Teil des Jahres in Malinska auf der Insel Krk. Zwei oder drei N\u00e4chte inklusive Fr\u00fchst\u00fcck und Abendessen f\u00fcr zwei Personen und 1 Kind\" \/>\n<meta property=\"og:url\" content=\"https:\/\/malin-krk.com\/it\/albergo-malin\/offerte-speciali-dellalbergo-malin\/weihnachtsferien-hotel_malin\/\" \/>\n<meta property=\"og:site_name\" content=\"Albergo Malin\" \/>\n<meta property=\"article:publisher\" content=\"https:\/\/www.facebook.com\/hotelmalin\/\" \/>\n<meta property=\"article:modified_time\" content=\"2024-12-04T11:10:39+00:00\" \/>\n<meta property=\"og:image\" content=\"https:\/\/malin-krk.com\/wp-content\/uploads\/2024\/12\/Dani-bakalara-Mulino-01.jpg\" \/>\n\t<meta property=\"og:image:width\" content=\"1200\" \/>\n\t<meta property=\"og:image:height\" content=\"881\" \/>\n\t<meta property=\"og:image:type\" content=\"image\/jpeg\" \/>\n<meta name=\"twitter:card\" content=\"summary_large_image\" \/>\n<script type=\"application\/ld+json\" class=\"yoast-schema-graph\">{\"@context\":\"https:\\\/\\\/schema.org\",\"@graph\":[{\"@type\":\"WebPage\",\"@id\":\"https:\\\/\\\/malin-krk.com\\\/it\\\/albergo-malin\\\/offerte-speciali-dellalbergo-malin\\\/weihnachtsferien-hotel_malin\\\/\",\"url\":\"https:\\\/\\\/malin-krk.com\\\/it\\\/albergo-malin\\\/offerte-speciali-dellalbergo-malin\\\/weihnachtsferien-hotel_malin\\\/\",\"name\":\"VACANZE DI NATALE - Albergo Malin\",\"isPartOf\":{\"@id\":\"https:\\\/\\\/malin-krk.com\\\/#website\"},\"primaryImageOfPage\":{\"@id\":\"https:\\\/\\\/malin-krk.com\\\/it\\\/albergo-malin\\\/offerte-speciali-dellalbergo-malin\\\/weihnachtsferien-hotel_malin\\\/#primaryimage\"},\"image\":{\"@id\":\"https:\\\/\\\/malin-krk.com\\\/it\\\/albergo-malin\\\/offerte-speciali-dellalbergo-malin\\\/weihnachtsferien-hotel_malin\\\/#primaryimage\"},\"thumbnailUrl\":\"https:\\\/\\\/malin-krk.com\\\/wp-content\\\/uploads\\\/2024\\\/12\\\/Dani-bakalara-Mulino-01.jpg\",\"datePublished\":\"2024-12-03T07:36:44+00:00\",\"dateModified\":\"2024-12-04T11:10:39+00:00\",\"description\":\"Weihnachtsferien, Advent im Hotel Malin. Verbringen Sie den sch\u00f6nsten Teil des Jahres in Malinska auf der Insel Krk. Zwei oder drei N\u00e4chte inklusive Fr\u00fchst\u00fcck und Abendessen f\u00fcr zwei Personen und 1 Kind\",\"breadcrumb\":{\"@id\":\"https:\\\/\\\/malin-krk.com\\\/it\\\/albergo-malin\\\/offerte-speciali-dellalbergo-malin\\\/weihnachtsferien-hotel_malin\\\/#breadcrumb\"},\"inLanguage\":\"it-IT\",\"potentialAction\":[{\"@type\":\"ReadAction\",\"target\":[\"https:\\\/\\\/malin-krk.com\\\/it\\\/albergo-malin\\\/offerte-speciali-dellalbergo-malin\\\/weihnachtsferien-hotel_malin\\\/\"]}]},{\"@type\":\"ImageObject\",\"inLanguage\":\"it-IT\",\"@id\":\"https:\\\/\\\/malin-krk.com\\\/it\\\/albergo-malin\\\/offerte-speciali-dellalbergo-malin\\\/weihnachtsferien-hotel_malin\\\/#primaryimage\",\"url\":\"https:\\\/\\\/malin-krk.com\\\/wp-content\\\/uploads\\\/2024\\\/12\\\/Dani-bakalara-Mulino-01.jpg\",\"contentUrl\":\"https:\\\/\\\/malin-krk.com\\\/wp-content\\\/uploads\\\/2024\\\/12\\\/Dani-bakalara-Mulino-01.jpg\",\"width\":1200,\"height\":881},{\"@type\":\"BreadcrumbList\",\"@id\":\"https:\\\/\\\/malin-krk.com\\\/it\\\/albergo-malin\\\/offerte-speciali-dellalbergo-malin\\\/weihnachtsferien-hotel_malin\\\/#breadcrumb\",\"itemListElement\":[{\"@type\":\"ListItem\",\"position\":1,\"name\":\"Home\",\"item\":\"https:\\\/\\\/malin-krk.com\\\/it\\\/\"},{\"@type\":\"ListItem\",\"position\":2,\"name\":\"Albergo Malin\",\"item\":\"https:\\\/\\\/malin-krk.com\\\/it\\\/albergo-malin\\\/\"},{\"@type\":\"ListItem\",\"position\":3,\"name\":\"Offerte speciali dell\u2019albergo Malin\",\"item\":\"https:\\\/\\\/malin-krk.com\\\/it\\\/albergo-malin\\\/offerte-speciali-dellalbergo-malin\\\/\"},{\"@type\":\"ListItem\",\"position\":4,\"name\":\"VACANZE DI NATALE\"}]},{\"@type\":\"WebSite\",\"@id\":\"https:\\\/\\\/malin-krk.com\\\/#website\",\"url\":\"https:\\\/\\\/malin-krk.com\\\/\",\"name\":\"Malin Krk\",\"description\":\"\",\"publisher\":{\"@id\":\"https:\\\/\\\/malin-krk.com\\\/#organization\"},\"potentialAction\":[{\"@type\":\"SearchAction\",\"target\":{\"@type\":\"EntryPoint\",\"urlTemplate\":\"https:\\\/\\\/malin-krk.com\\\/?s={search_term_string}\"},\"query-input\":{\"@type\":\"PropertyValueSpecification\",\"valueRequired\":true,\"valueName\":\"search_term_string\"}}],\"inLanguage\":\"it-IT\"},{\"@type\":\"Organization\",\"@id\":\"https:\\\/\\\/malin-krk.com\\\/#organization\",\"name\":\"Malin Krk\",\"url\":\"https:\\\/\\\/malin-krk.com\\\/\",\"logo\":{\"@type\":\"ImageObject\",\"inLanguage\":\"it-IT\",\"@id\":\"https:\\\/\\\/malin-krk.com\\\/#\\\/schema\\\/logo\\\/image\\\/\",\"url\":\"https:\\\/\\\/malin-krk.com\\\/wp-content\\\/uploads\\\/2024\\\/02\\\/malin-logo.jpg\",\"contentUrl\":\"https:\\\/\\\/malin-krk.com\\\/wp-content\\\/uploads\\\/2024\\\/02\\\/malin-logo.jpg\",\"width\":280,\"height\":96,\"caption\":\"Malin Krk\"},\"image\":{\"@id\":\"https:\\\/\\\/malin-krk.com\\\/#\\\/schema\\\/logo\\\/image\\\/\"},\"sameAs\":[\"https:\\\/\\\/www.facebook.com\\\/hotelmalin\\\/\"]}]}<\/script>\n<!-- \/ Yoast SEO plugin. -->","yoast_head_json":{"title":"VACANZE DI NATALE - Albergo Malin","description":"Weihnachtsferien, Advent im Hotel Malin. Verbringen Sie den sch\u00f6nsten Teil des Jahres in Malinska auf der Insel Krk. Zwei oder drei N\u00e4chte inklusive Fr\u00fchst\u00fcck und Abendessen f\u00fcr zwei Personen und 1 Kind","robots":{"index":"index","follow":"follow","max-snippet":"max-snippet:-1","max-image-preview":"max-image-preview:large","max-video-preview":"max-video-preview:-1"},"canonical":"https:\/\/malin-krk.com\/it\/albergo-malin\/offerte-speciali-dellalbergo-malin\/weihnachtsferien-hotel_malin\/","og_locale":"it_IT","og_type":"article","og_title":"VACANZE DI NATALE - Albergo Malin","og_description":"Weihnachtsferien, Advent im Hotel Malin. Verbringen Sie den sch\u00f6nsten Teil des Jahres in Malinska auf der Insel Krk. Zwei oder drei N\u00e4chte inklusive Fr\u00fchst\u00fcck und Abendessen f\u00fcr zwei Personen und 1 Kind","og_url":"https:\/\/malin-krk.com\/it\/albergo-malin\/offerte-speciali-dellalbergo-malin\/weihnachtsferien-hotel_malin\/","og_site_name":"Albergo Malin","article_publisher":"https:\/\/www.facebook.com\/hotelmalin\/","article_modified_time":"2024-12-04T11:10:39+00:00","og_image":[{"width":1200,"height":881,"url":"https:\/\/malin-krk.com\/wp-content\/uploads\/2024\/12\/Dani-bakalara-Mulino-01.jpg","type":"image\/jpeg"}],"twitter_card":"summary_large_image","schema":{"@context":"https:\/\/schema.org","@graph":[{"@type":"WebPage","@id":"https:\/\/malin-krk.com\/it\/albergo-malin\/offerte-speciali-dellalbergo-malin\/weihnachtsferien-hotel_malin\/","url":"https:\/\/malin-krk.com\/it\/albergo-malin\/offerte-speciali-dellalbergo-malin\/weihnachtsferien-hotel_malin\/","name":"VACANZE DI NATALE - Albergo Malin","isPartOf":{"@id":"https:\/\/malin-krk.com\/#website"},"primaryImageOfPage":{"@id":"https:\/\/malin-krk.com\/it\/albergo-malin\/offerte-speciali-dellalbergo-malin\/weihnachtsferien-hotel_malin\/#primaryimage"},"image":{"@id":"https:\/\/malin-krk.com\/it\/albergo-malin\/offerte-speciali-dellalbergo-malin\/weihnachtsferien-hotel_malin\/#primaryimage"},"thumbnailUrl":"https:\/\/malin-krk.com\/wp-content\/uploads\/2024\/12\/Dani-bakalara-Mulino-01.jpg","datePublished":"2024-12-03T07:36:44+00:00","dateModified":"2024-12-04T11:10:39+00:00","description":"Weihnachtsferien, Advent im Hotel Malin. Verbringen Sie den sch\u00f6nsten Teil des Jahres in Malinska auf der Insel Krk. Zwei oder drei N\u00e4chte inklusive Fr\u00fchst\u00fcck und Abendessen f\u00fcr zwei Personen und 1 Kind","breadcrumb":{"@id":"https:\/\/malin-krk.com\/it\/albergo-malin\/offerte-speciali-dellalbergo-malin\/weihnachtsferien-hotel_malin\/#breadcrumb"},"inLanguage":"it-IT","potentialAction":[{"@type":"ReadAction","target":["https:\/\/malin-krk.com\/it\/albergo-malin\/offerte-speciali-dellalbergo-malin\/weihnachtsferien-hotel_malin\/"]}]},{"@type":"ImageObject","inLanguage":"it-IT","@id":"https:\/\/malin-krk.com\/it\/albergo-malin\/offerte-speciali-dellalbergo-malin\/weihnachtsferien-hotel_malin\/#primaryimage","url":"https:\/\/malin-krk.com\/wp-content\/uploads\/2024\/12\/Dani-bakalara-Mulino-01.jpg","contentUrl":"https:\/\/malin-krk.com\/wp-content\/uploads\/2024\/12\/Dani-bakalara-Mulino-01.jpg","width":1200,"height":881},{"@type":"BreadcrumbList","@id":"https:\/\/malin-krk.com\/it\/albergo-malin\/offerte-speciali-dellalbergo-malin\/weihnachtsferien-hotel_malin\/#breadcrumb","itemListElement":[{"@type":"ListItem","position":1,"name":"Home","item":"https:\/\/malin-krk.com\/it\/"},{"@type":"ListItem","position":2,"name":"Albergo Malin","item":"https:\/\/malin-krk.com\/it\/albergo-malin\/"},{"@type":"ListItem","position":3,"name":"Offerte speciali dell\u2019albergo Malin","item":"https:\/\/malin-krk.com\/it\/albergo-malin\/offerte-speciali-dellalbergo-malin\/"},{"@type":"ListItem","position":4,"name":"VACANZE DI NATALE"}]},{"@type":"WebSite","@id":"https:\/\/malin-krk.com\/#website","url":"https:\/\/malin-krk.com\/","name":"Malin Krk","description":"","publisher":{"@id":"https:\/\/malin-krk.com\/#organization"},"potentialAction":[{"@type":"SearchAction","target":{"@type":"EntryPoint","urlTemplate":"https:\/\/malin-krk.com\/?s={search_term_string}"},"query-input":{"@type":"PropertyValueSpecification","valueRequired":true,"valueName":"search_term_string"}}],"inLanguage":"it-IT"},{"@type":"Organization","@id":"https:\/\/malin-krk.com\/#organization","name":"Malin Krk","url":"https:\/\/malin-krk.com\/","logo":{"@type":"ImageObject","inLanguage":"it-IT","@id":"https:\/\/malin-krk.com\/#\/schema\/logo\/image\/","url":"https:\/\/malin-krk.com\/wp-content\/uploads\/2024\/02\/malin-logo.jpg","contentUrl":"https:\/\/malin-krk.com\/wp-content\/uploads\/2024\/02\/malin-logo.jpg","width":280,"height":96,"caption":"Malin Krk"},"image":{"@id":"https:\/\/malin-krk.com\/#\/schema\/logo\/image\/"},"sameAs":["https:\/\/www.facebook.com\/hotelmalin\/"]}]}},"_links":{"self":[{"href":"https:\/\/malin-krk.com\/it\/wp-json\/wp\/v2\/pages\/31348","targetHints":{"allow":["GET"]}}],"collection":[{"href":"https:\/\/malin-krk.com\/it\/wp-json\/wp\/v2\/pages"}],"about":[{"href":"https:\/\/malin-krk.com\/it\/wp-json\/wp\/v2\/types\/page"}],"author":[{"embeddable":true,"href":"https:\/\/malin-krk.com\/it\/wp-json\/wp\/v2\/users\/2"}],"replies":[{"embeddable":true,"href":"https:\/\/malin-krk.com\/it\/wp-json\/wp\/v2\/comments?post=31348"}],"version-history":[{"count":6,"href":"https:\/\/malin-krk.com\/it\/wp-json\/wp\/v2\/pages\/31348\/revisions"}],"predecessor-version":[{"id":31355,"href":"https:\/\/malin-krk.com\/it\/wp-json\/wp\/v2\/pages\/31348\/revisions\/31355"}],"up":[{"embeddable":true,"href":"https:\/\/malin-krk.com\/it\/wp-json\/wp\/v2\/pages\/1287"}],"wp:featuredmedia":[{"embeddable":true,"href":"https:\/\/malin-krk.com\/it\/wp-json\/wp\/v2\/media\/31307"}],"wp:attachment":[{"href":"https:\/\/malin-krk.com\/it\/wp-json\/wp\/v2\/media?parent=31348"}],"curies":[{"name":"wp","href":"https:\/\/api.w.org\/{rel}","templated":true}]}}