{"id":32487,"date":"2025-05-09T11:13:13","date_gmt":"2025-05-09T09:13:13","guid":{"rendered":"https:\/\/malin-krk.com\/?page_id=32487"},"modified":"2025-05-09T14:54:21","modified_gmt":"2025-05-09T12:54:21","slug":"sommer-im-camp-tiha","status":"publish","type":"page","link":"https:\/\/malin-krk.com\/de\/camp-tiha-silo\/sonderangebote\/sommer-im-camp-tiha\/","title":{"rendered":"SOMMER IM CAMP TIHA"},"content":{"rendered":"<!DOCTYPE html PUBLIC \"-\/\/W3C\/\/DTD HTML 4.0 Transitional\/\/EN\" \"http:\/\/www.w3.org\/TR\/REC-html40\/loose.dtd\">\n<html><body><p class=\"\" style=\"text-align: center;\" data-start=\"98\" data-end=\"276\">Starten Sie perfekt in den Sommer mit unserem Spezialangebot im Camp Tiha &ndash; der ideale Familienurlaub in Premium-Mobilheimen in Meeresn&auml;he. Verpassen Sie nicht diese einmalige Gelegenheit!<\/p>\n<p style=\"text-align: center;\" data-start=\"278\" data-end=\"329\"><span style=\"font-size: 24pt;\"><strong>SOMMER IM CAMP TIHA<\/strong><\/span><\/p>\n<p class=\"\" style=\"text-align: center;\" data-start=\"278\" data-end=\"329\"><strong><span style=\"font-size: 18pt;\">Angebot g&uuml;ltig: 01.06.&ndash;15.06. &amp; 22.06.&ndash;29.06.2025.<\/span><\/strong><\/p>\n<p><strong>Das Paket beinhaltet:<\/strong><br>\n&bull; 2, 3 oder 5 &Uuml;bernachtungen f&uuml;r bis zu 5 Personen im Premium Family Mobilheim<br>\n&bull; Nutzung des Tennisplatzes mit Ausr&uuml;stung f&uuml;r 2 Stunden (nach vorheriger Terminreservierung, einmal pro Aufenthalt)<br>\n&bull; Parkplatz f&uuml;r 1 Auto<br>\n&bull; Endreinigung<br>\n&bull; Bettw&auml;sche + Handt&uuml;cher (ein Set pro Person)<\/p>\n<p><img decoding=\"async\" class=\"aligncenter wp-image-32523 size-large\" src=\"https:\/\/malin-krk.com\/wp-content\/uploads\/2025\/05\/01.06.-13.06.-7-1024x244.png\" alt=\"\" width=\"1024\" height=\"244\" srcset=\"https:\/\/malin-krk.com\/wp-content\/uploads\/2025\/05\/01.06.-13.06.-7-1024x244.png 1024w, https:\/\/malin-krk.com\/wp-content\/uploads\/2025\/05\/01.06.-13.06.-7-300x71.png 300w, https:\/\/malin-krk.com\/wp-content\/uploads\/2025\/05\/01.06.-13.06.-7-768x183.png 768w, https:\/\/malin-krk.com\/wp-content\/uploads\/2025\/05\/01.06.-13.06.-7-1536x366.png 1536w, https:\/\/malin-krk.com\/wp-content\/uploads\/2025\/05\/01.06.-13.06.-7.png 2000w\" sizes=\"(max-width: 1024px) 100vw, 1024px\" \/><\/p>\n<p><img decoding=\"async\" class=\"aligncenter wp-image-32532 size-large\" src=\"https:\/\/malin-krk.com\/wp-content\/uploads\/2025\/05\/01.06.-13.06.-8-1024x244.png\" alt=\"\" width=\"1024\" height=\"244\" srcset=\"https:\/\/malin-krk.com\/wp-content\/uploads\/2025\/05\/01.06.-13.06.-8-1024x244.png 1024w, https:\/\/malin-krk.com\/wp-content\/uploads\/2025\/05\/01.06.-13.06.-8-300x71.png 300w, https:\/\/malin-krk.com\/wp-content\/uploads\/2025\/05\/01.06.-13.06.-8-768x183.png 768w, https:\/\/malin-krk.com\/wp-content\/uploads\/2025\/05\/01.06.-13.06.-8-1536x366.png 1536w, https:\/\/malin-krk.com\/wp-content\/uploads\/2025\/05\/01.06.-13.06.-8.png 2000w\" sizes=\"(max-width: 1024px) 100vw, 1024px\" \/><\/p>\n<p><strong>Eine zus&auml;tzliche Nacht wird an der Campingplatzrezeption bezahlt.<\/strong><br>\nObligatorische Zuschl&auml;ge an der Rezeption:<br>\n&bull; Kurtaxe (1,99 &euro; pro Person\/Tag); Kinder unter 12 Jahren zahlen kein Kurtaxe und Kinder von 12 bis 18 Jahren zahlen 50 %.<br>\n&bull; Anmeldegeb&uuml;hr (1,50 &euro; einmalig pro Person)<\/p>\n<p><strong>Optionale Zuschl&auml;ge an der Rezeption nach vorheriger Anmeldung je nach Verf&uuml;gbarkeit:<\/strong><br>\n&bull; Zuschlag f&uuml;r Superior Mobilheim 15 &euro; \/ Tag<br>\n&bull; Zuschlag f&uuml;r Luxusmobilheim 25 &euro;\/Tag<br>\n&bull; Zuschlag f&uuml;r Deluxe-Mobilheim 35 &euro;\/Tag<br>\n&bull; Haustiere: 15,00 &euro; pro Nacht mit obligatorischer Anmeldung<\/p>\n<p><em><span style=\"text-decoration: underline;\"><strong>Die Mobilheimnutzung ist am Anreisetag ab 16:00 Uhr m&ouml;glich. Der Check-out erfolgt am Abreisetag bis 10:00 Uhr.<\/strong><\/span><\/em><\/p>\n<p><span style=\"font-size: 14pt;\"><strong>Premium Family Mobilheim<\/strong><\/span><\/p>\n<p>Ein komfortables Mobilheim, ideal f&uuml;r eine 4 + 1-k&ouml;pfige Familie. Gr&ouml;&szlig;e 39 m2 (7,6 x 5,2 m), besteht aus 2 Schlafzimmern, 2 B&auml;dern, Wohnzimmer mit Zusatzbett und K&uuml;chenzeile. Ausgestattet mit Klimaanlage, Fernseher, ger&auml;umiger Terrasse von 21 m2, mit Sitzgelegenheiten und Liegest&uuml;hlen. Das Mobilheim ist f&uuml;r einen m&ouml;glichst komfortablen Aufenthalt in einem modernen Stil eingerichtet.<\/p>\n\n\t\t\t\t\t\t<ul class='img-galerija list-inline list-unstyled fancybox-show-nav'>\n\n\t\t\t\t\t\t\t\n\t\t\t\t\t\t\t<li class=\"col-md-4 col-sm-6 col-xs-4 thumb-wrapper\">\n\t\t\t\t\t\t\t\t<a class=\"fancybox\" data-fancybox=\"group\" rel=\"group\" data-title=\"SOMMER IM CAMP TIHA\" href=\"https:\/\/malin-krk.com\/wp-content\/uploads\/2025\/05\/KAMP_SILO-0033-1.jpg\" data-title=\"SOMMER IM CAMP TIHA\">\n\t\t\t\t\t\t\t\t\t<img decoding=\"async\" class=\"thumb img-responsive\" src=\"https:\/\/malin-krk.com\/wp-content\/uploads\/2025\/05\/KAMP_SILO-0033-1-400x400.jpg\" alt=\"SOMMER IM CAMP TIHA\">\n\t\t\t\t\t\t\t\t<\/a>\n\t\t\t\t\t\t\t<\/li>\n\n\t\t\t\t\t\t\t\n\t\t\t\t\t\t\t<li class=\"col-md-4 col-sm-6 col-xs-4 thumb-wrapper\">\n\t\t\t\t\t\t\t\t<a class=\"fancybox\" data-fancybox=\"group\" rel=\"group\" data-title=\"SOMMER IM CAMP TIHA\" href=\"https:\/\/malin-krk.com\/wp-content\/uploads\/2025\/05\/KAMP_SILO-0035-1.jpg\" data-title=\"SOMMER IM CAMP TIHA\">\n\t\t\t\t\t\t\t\t\t<img decoding=\"async\" class=\"thumb img-responsive\" src=\"https:\/\/malin-krk.com\/wp-content\/uploads\/2025\/05\/KAMP_SILO-0035-1-400x400.jpg\" alt=\"SOMMER IM CAMP TIHA\">\n\t\t\t\t\t\t\t\t<\/a>\n\t\t\t\t\t\t\t<\/li>\n\n\t\t\t\t\t\t\t\n\t\t\t\t\t\t\t<li class=\"col-md-4 col-sm-6 col-xs-4 thumb-wrapper\">\n\t\t\t\t\t\t\t\t<a class=\"fancybox\" data-fancybox=\"group\" rel=\"group\" data-title=\"SOMMER IM CAMP TIHA\" href=\"https:\/\/malin-krk.com\/wp-content\/uploads\/2025\/05\/KAMP_SILO-0037.jpg\" data-title=\"SOMMER IM CAMP TIHA\">\n\t\t\t\t\t\t\t\t\t<img decoding=\"async\" class=\"thumb img-responsive\" src=\"https:\/\/malin-krk.com\/wp-content\/uploads\/2025\/05\/KAMP_SILO-0037-400x400.jpg\" alt=\"SOMMER IM CAMP TIHA\">\n\t\t\t\t\t\t\t\t<\/a>\n\t\t\t\t\t\t\t<\/li>\n\n\t\t\t\t\t\t\t\n\t\t\t\t\t\t\t<li class=\"col-md-4 col-sm-6 col-xs-4 thumb-wrapper\">\n\t\t\t\t\t\t\t\t<a class=\"fancybox\" data-fancybox=\"group\" rel=\"group\" data-title=\"SOMMER IM CAMP TIHA\" href=\"https:\/\/malin-krk.com\/wp-content\/uploads\/2025\/05\/KAMP_SILO-0038-1.jpg\" data-title=\"SOMMER IM CAMP TIHA\">\n\t\t\t\t\t\t\t\t\t<img decoding=\"async\" class=\"thumb img-responsive\" src=\"https:\/\/malin-krk.com\/wp-content\/uploads\/2025\/05\/KAMP_SILO-0038-1-400x400.jpg\" alt=\"SOMMER IM CAMP TIHA\">\n\t\t\t\t\t\t\t\t<\/a>\n\t\t\t\t\t\t\t<\/li>\n\n\t\t\t\t\t\t\t\n\t\t\t\t\t\t\t<li class=\"col-md-4 col-sm-6 col-xs-4 thumb-wrapper\">\n\t\t\t\t\t\t\t\t<a class=\"fancybox\" data-fancybox=\"group\" rel=\"group\" data-title=\"SOMMER IM CAMP TIHA\" href=\"https:\/\/malin-krk.com\/wp-content\/uploads\/2025\/05\/KAMP_SILO-0040-1.jpg\" data-title=\"SOMMER IM CAMP TIHA\">\n\t\t\t\t\t\t\t\t\t<img decoding=\"async\" class=\"thumb img-responsive\" src=\"https:\/\/malin-krk.com\/wp-content\/uploads\/2025\/05\/KAMP_SILO-0040-1-400x400.jpg\" alt=\"SOMMER IM CAMP TIHA\">\n\t\t\t\t\t\t\t\t<\/a>\n\t\t\t\t\t\t\t<\/li>\n\n\t\t\t\t\t\t\t\n\t\t\t\t\t\t\t<li class=\"col-md-4 col-sm-6 col-xs-4 thumb-wrapper\">\n\t\t\t\t\t\t\t\t<a class=\"fancybox\" data-fancybox=\"group\" rel=\"group\" data-title=\"SOMMER IM CAMP TIHA\" href=\"https:\/\/malin-krk.com\/wp-content\/uploads\/2025\/05\/KAMP_SILO-0042.jpg\" data-title=\"SOMMER IM CAMP TIHA\">\n\t\t\t\t\t\t\t\t\t<img decoding=\"async\" class=\"thumb img-responsive\" src=\"https:\/\/malin-krk.com\/wp-content\/uploads\/2025\/05\/KAMP_SILO-0042-400x400.jpg\" alt=\"SOMMER IM CAMP TIHA\">\n\t\t\t\t\t\t\t\t<\/a>\n\t\t\t\t\t\t\t<\/li>\n\n\t\t\t\t\t\t\t\t\t\t\t\t\t<\/ul>\n\t\t\t\t\t\t\n<p class=\"\" data-start=\"1484\" data-end=\"1512\"><strong data-start=\"1484\" data-end=\"1512\">ZUS&Auml;TZLICHE AKTIVIT&Auml;TEN:<\/strong><\/p>\n<p class=\"\" data-start=\"1514\" data-end=\"1879\"><strong data-start=\"1514\" data-end=\"1571\">Kinderanimation (vom 15. Juni bis 15. September 2025)<\/strong><br data-start=\"1571\" data-end=\"1574\"><br>\nVom 15. Juni bis 15. September bietet das Camp Tiha ein umfangreiches Animationsprogramm f&uuml;r Kinder. Am Vormittag stehen Aktivit&auml;ten wie Dehn&uuml;bungen, Aqua-Aerobic und Mini-Disco auf dem Programm, am Nachmittag sorgen Spiele wie Staffellauf, Tauziehen, Boccia, Fu&szlig;ball und Weitsprung f&uuml;r Spa&szlig; und Bewegung.<\/p>\n<p class=\"\" data-start=\"1881\" data-end=\"2251\"><strong data-start=\"1881\" data-end=\"1910\">Entdecken Sie die Str&auml;nde<\/strong><br data-start=\"1910\" data-end=\"1913\"><br>\nDas Camp Tiha liegt direkt an einem familienfreundlichen Kiesstrand mit kristallklarem Wasser und der Strandbar Mare zur Erfrischung. In der N&auml;he befinden sich auch weitere Str&auml;nde, wie der Sandstrand im Zentrum von &Scaron;ilo mit der Blauen Flagge sowie die Str&auml;nde Konjska und Lokvi&scaron;&#263;a, die sich ebenfalls gut f&uuml;r Familien mit Kindern eignen.<\/p>\n<p class=\"\" data-start=\"2253\" data-end=\"2627\"><strong data-start=\"2253\" data-end=\"2267\">Wanderwege<\/strong><br data-start=\"2267\" data-end=\"2270\"><br>\nDie Region Dobrinj bietet abwechslungsreiche Wanderwege, darunter die 20 km lange Route &bdquo;Wege von Dobrinj&ldquo;, die in &Scaron;ilo beginnt und endet und die nat&uuml;rliche Sch&ouml;nheit sowie das kulturelle Erbe der Gegend erschlie&szlig;t. Der &bdquo;Glagolitische Pfad&ldquo; in Gabonjin (200 m lang) bietet einen lehrreichen Spaziergang durch die Geschichte der &auml;ltesten kroatischen Schrift.<\/p>\n<p class=\"\" data-start=\"2629\" data-end=\"2806\"><strong data-start=\"2629\" data-end=\"2656\">Meer &amp; Sportaktivit&auml;ten<\/strong><br data-start=\"2656\" data-end=\"2659\"><br>\nF&uuml;r Meeresliebhaber bietet das Camp Tiha SUP-Verleih, f&uuml;r Tennisfreunde steht ein Tennisplatz zur Verf&uuml;gung. Auch Fahrr&auml;der k&ouml;nnen gemietet werden.<\/p>\n<p style=\"text-align: center;\">Reservierungen:<strong>reservations@camp.tiha.hr <\/strong><\/p>\n<p style=\"text-align: center;\">T: <strong>051 850 129<\/strong><\/p>\n<p><strong>Informationen und Reservierungen:<\/strong><\/p>\n\n<div class=\"wpcf7 no-js\" id=\"wpcf7-f863-o1\" lang=\"hr-HR\" dir=\"ltr\" data-wpcf7-id=\"863\">\n<div class=\"screen-reader-response\"><p role=\"status\" aria-live=\"polite\" aria-atomic=\"true\"><\/p> <ul><\/ul><\/div>\n<form action=\"\/de\/wp-json\/wp\/v2\/pages\/32487#wpcf7-f863-o1\" method=\"post\" class=\"wpcf7-form init\" aria-label=\"Kontaktformular\" novalidate=\"novalidate\" data-status=\"init\">\n<fieldset class=\"hidden-fields-container\"><input type=\"hidden\" name=\"_wpcf7\" value=\"863\" \/><input type=\"hidden\" name=\"_wpcf7_version\" value=\"6.1.5\" \/><input type=\"hidden\" name=\"_wpcf7_locale\" value=\"hr_HR\" \/><input type=\"hidden\" name=\"_wpcf7_unit_tag\" value=\"wpcf7-f863-o1\" \/><input type=\"hidden\" name=\"_wpcf7_container_post\" value=\"0\" \/><input type=\"hidden\" name=\"_wpcf7_posted_data_hash\" value=\"\" \/>\n<\/fieldset>\n<p><label>Vor- und Nachname*<br \/>\n<span class=\"wpcf7-form-control-wrap\" data-name=\"your-name\"><input size=\"40\" maxlength=\"400\" class=\"wpcf7-form-control wpcf7-text wpcf7-validates-as-required\" aria-required=\"true\" aria-invalid=\"false\" value=\"\" type=\"text\" name=\"your-name\" \/><\/span> <\/label>\n<\/p>\n<p><label>E-mail*<br \/>\n<span class=\"wpcf7-form-control-wrap\" data-name=\"your-email\"><input size=\"40\" maxlength=\"400\" class=\"wpcf7-form-control wpcf7-email wpcf7-validates-as-required wpcf7-text wpcf7-validates-as-email\" aria-required=\"true\" aria-invalid=\"false\" value=\"\" type=\"email\" name=\"your-email\" \/><\/span> <\/label>\n<\/p>\n<p><label>Betreff*<br \/>\n<span class=\"wpcf7-form-control-wrap\" data-name=\"your-subject\"><input size=\"40\" maxlength=\"400\" class=\"wpcf7-form-control wpcf7-text wpcf7-validates-as-required\" aria-required=\"true\" aria-invalid=\"false\" value=\"\" type=\"text\" name=\"your-subject\" \/><\/span> <\/label>\n<\/p>\n<p><label>Ihre Nachricht*<br \/>\n<span class=\"wpcf7-form-control-wrap\" data-name=\"your-message\"><textarea cols=\"40\" rows=\"10\" maxlength=\"2000\" class=\"wpcf7-form-control wpcf7-textarea wpcf7-validates-as-required\" aria-required=\"true\" aria-invalid=\"false\" name=\"your-message\"><\/textarea><\/span> <\/label>\n<\/p>\n<p><label>Empf\u00e4nger<br \/>\n<span class=\"wpcf7-form-control-wrap\" data-name=\"your-recipient\"><select class=\"wpcf7-form-control wpcf7-select wpcf7-validates-as-required\" aria-required=\"true\" aria-invalid=\"false\" name=\"your-recipient\"><option value=\"\">&#8211; Bitte ausw\u00e4hlen &#8211;<\/option><option value=\"Hotel Malin\">Hotel Malin<\/option><option value=\"Villen &amp; appartements\">Villen &amp; appartements<\/option><option value=\"Mobilheime\">Mobilheime<\/option><option value=\"Camp Tiha \u0160ilo\">Camp Tiha \u0160ilo<\/option><\/select><\/span><\/label>\n<\/p>\n<p><label>Captcha<br \/>\n<input type=\"hidden\" name=\"_wpcf7_captcha_challenge_captcha-1\" value=\"514376466\" \/><img decoding=\"async\" class=\"wpcf7-form-control wpcf7-captchac wpcf7-captcha-captcha-1\" width=\"84\" height=\"28\" alt=\"captcha\" src=\"https:\/\/malin-krk.com\/wp-content\/uploads\/wpcf7_captcha\/514376466.png\" \/><span class=\"wpcf7-form-control-wrap\" data-name=\"captcha-1\"><input size=\"40\" maxlength=\"100\" class=\"wpcf7-form-control wpcf7-captchar\" autocomplete=\"off\" aria-invalid=\"false\" placeholder=\"Zeichen eingeben\" value=\"\" type=\"text\" name=\"captcha-1\" \/><\/span><br \/>\n<\/label>\n<\/p>\n<p><span class=\"wpcf7-form-control-wrap\" data-name=\"your-consent\"><span class=\"wpcf7-form-control wpcf7-acceptance\"><span class=\"wpcf7-list-item\"><label><input type=\"checkbox\" name=\"your-consent\" value=\"1\" aria-invalid=\"false\" \/><span class=\"wpcf7-list-item-label\">Bitte markieren, damit Sie der Speicherung Ihrer Daten gem\u00e4\u00df den Richtlinien angef\u00fchrt in unserer <a href=\"https:\/\/malin-krk.com\/de\/allgemeine-nutzungsbedingungen\/\">Datenschutzerkl\u00e4rung zustimmen<\/a><\/span><\/label><\/span><\/span><\/span>\n<\/p>\n<p><input class=\"wpcf7-form-control wpcf7-submit has-spinner btn\" type=\"submit\" value=\"Senden\" \/>\n<\/p><div class=\"wpcf7-response-output\" aria-hidden=\"true\"><\/div>\n<\/form>\n<\/div>\n\n<\/body><\/html>\n","protected":false},"excerpt":{"rendered":"<p>Starten Sie perfekt in den Sommer mit unserem Spezialangebot im Camp Tiha &ndash; der ideale Familienurlaub in Premium-Mobilheimen in Meeresn&auml;he. Verpassen Sie nicht diese einmalige Gelegenheit! SOMMER IM CAMP TIHA Angebot g&uuml;ltig: 01.06.&ndash;15.06. &amp; 22.06.&ndash;29.06.2025. Das Paket beinhaltet: &bull; 2, 3 oder 5 &Uuml;bernachtungen f&uuml;r bis zu 5 Personen im Premium Family Mobilheim &bull; Nutzung [&hellip;]<\/p>\n","protected":false},"author":2,"featured_media":32496,"parent":24653,"menu_order":0,"comment_status":"closed","ping_status":"closed","template":"","meta":{"_acf_changed":false,"footnotes":""},"class_list":["post-32487","page","type-page","status-publish","has-post-thumbnail","hentry"],"acf":[],"yoast_head":"<!-- This site is optimized with the Yoast SEO plugin v27.5 - https:\/\/yoast.com\/product\/yoast-seo-wordpress\/ -->\n<title>SOMMER IM CAMP TIHA - Malin Krk<\/title>\n<meta name=\"description\" content=\"Starten Sie perfekt in den Sommer mit unserem Spezialangebot im Camp Tiha \u2013 der ideale Familienurlaub in Premium-Mobilheimen in Meeresn\u00e4he. Verpassen Sie nicht diese einmalige Gelegenheit!\" \/>\n<meta name=\"robots\" content=\"index, follow, max-snippet:-1, max-image-preview:large, max-video-preview:-1\" \/>\n<link rel=\"canonical\" href=\"https:\/\/malin-krk.com\/de\/camp-tiha-silo\/sonderangebote\/sommer-im-camp-tiha\/\" \/>\n<meta property=\"og:locale\" content=\"de_DE\" \/>\n<meta property=\"og:type\" content=\"article\" \/>\n<meta property=\"og:title\" content=\"SOMMER IM CAMP TIHA - Malin Krk\" \/>\n<meta property=\"og:description\" content=\"Starten Sie perfekt in den Sommer mit unserem Spezialangebot im Camp Tiha \u2013 der ideale Familienurlaub in Premium-Mobilheimen in Meeresn\u00e4he. Verpassen Sie nicht diese einmalige Gelegenheit!\" \/>\n<meta property=\"og:url\" content=\"https:\/\/malin-krk.com\/de\/camp-tiha-silo\/sonderangebote\/sommer-im-camp-tiha\/\" \/>\n<meta property=\"og:site_name\" content=\"Malin Krk\" \/>\n<meta property=\"article:publisher\" content=\"https:\/\/www.facebook.com\/hotelmalin\/\" \/>\n<meta property=\"article:modified_time\" content=\"2025-05-09T12:54:21+00:00\" \/>\n<meta property=\"og:image\" content=\"https:\/\/malin-krk.com\/wp-content\/uploads\/2025\/05\/KAMP_SILO-0035-2.jpg\" \/>\n\t<meta property=\"og:image:width\" content=\"2300\" \/>\n\t<meta property=\"og:image:height\" content=\"1530\" \/>\n\t<meta property=\"og:image:type\" content=\"image\/jpeg\" \/>\n<meta name=\"twitter:card\" content=\"summary_large_image\" \/>\n<script type=\"application\/ld+json\" class=\"yoast-schema-graph\">{\"@context\":\"https:\\\/\\\/schema.org\",\"@graph\":[{\"@type\":\"WebPage\",\"@id\":\"https:\\\/\\\/malin-krk.com\\\/de\\\/camp-tiha-silo\\\/sonderangebote\\\/sommer-im-camp-tiha\\\/\",\"url\":\"https:\\\/\\\/malin-krk.com\\\/de\\\/camp-tiha-silo\\\/sonderangebote\\\/sommer-im-camp-tiha\\\/\",\"name\":\"SOMMER IM CAMP TIHA - Malin Krk\",\"isPartOf\":{\"@id\":\"https:\\\/\\\/malin-krk.com\\\/#website\"},\"primaryImageOfPage\":{\"@id\":\"https:\\\/\\\/malin-krk.com\\\/de\\\/camp-tiha-silo\\\/sonderangebote\\\/sommer-im-camp-tiha\\\/#primaryimage\"},\"image\":{\"@id\":\"https:\\\/\\\/malin-krk.com\\\/de\\\/camp-tiha-silo\\\/sonderangebote\\\/sommer-im-camp-tiha\\\/#primaryimage\"},\"thumbnailUrl\":\"https:\\\/\\\/malin-krk.com\\\/wp-content\\\/uploads\\\/2025\\\/05\\\/KAMP_SILO-0035-2.jpg\",\"datePublished\":\"2025-05-09T09:13:13+00:00\",\"dateModified\":\"2025-05-09T12:54:21+00:00\",\"description\":\"Starten Sie perfekt in den Sommer mit unserem Spezialangebot im Camp Tiha \u2013 der ideale Familienurlaub in Premium-Mobilheimen in Meeresn\u00e4he. Verpassen Sie nicht diese einmalige Gelegenheit!\",\"breadcrumb\":{\"@id\":\"https:\\\/\\\/malin-krk.com\\\/de\\\/camp-tiha-silo\\\/sonderangebote\\\/sommer-im-camp-tiha\\\/#breadcrumb\"},\"inLanguage\":\"de\",\"potentialAction\":[{\"@type\":\"ReadAction\",\"target\":[\"https:\\\/\\\/malin-krk.com\\\/de\\\/camp-tiha-silo\\\/sonderangebote\\\/sommer-im-camp-tiha\\\/\"]}]},{\"@type\":\"ImageObject\",\"inLanguage\":\"de\",\"@id\":\"https:\\\/\\\/malin-krk.com\\\/de\\\/camp-tiha-silo\\\/sonderangebote\\\/sommer-im-camp-tiha\\\/#primaryimage\",\"url\":\"https:\\\/\\\/malin-krk.com\\\/wp-content\\\/uploads\\\/2025\\\/05\\\/KAMP_SILO-0035-2.jpg\",\"contentUrl\":\"https:\\\/\\\/malin-krk.com\\\/wp-content\\\/uploads\\\/2025\\\/05\\\/KAMP_SILO-0035-2.jpg\",\"width\":2300,\"height\":1530},{\"@type\":\"BreadcrumbList\",\"@id\":\"https:\\\/\\\/malin-krk.com\\\/de\\\/camp-tiha-silo\\\/sonderangebote\\\/sommer-im-camp-tiha\\\/#breadcrumb\",\"itemListElement\":[{\"@type\":\"ListItem\",\"position\":1,\"name\":\"Home\",\"item\":\"https:\\\/\\\/malin-krk.com\\\/de\\\/\"},{\"@type\":\"ListItem\",\"position\":2,\"name\":\"Camp Tiha \u0160ilo\",\"item\":\"https:\\\/\\\/malin-krk.com\\\/de\\\/camp-tiha-silo\\\/\"},{\"@type\":\"ListItem\",\"position\":3,\"name\":\"Sonderangebote Camp Tiha\",\"item\":\"https:\\\/\\\/malin-krk.com\\\/de\\\/camp-tiha-silo\\\/sonderangebote\\\/\"},{\"@type\":\"ListItem\",\"position\":4,\"name\":\"SOMMER IM CAMP TIHA\"}]},{\"@type\":\"WebSite\",\"@id\":\"https:\\\/\\\/malin-krk.com\\\/#website\",\"url\":\"https:\\\/\\\/malin-krk.com\\\/\",\"name\":\"Malin Krk\",\"description\":\"\",\"publisher\":{\"@id\":\"https:\\\/\\\/malin-krk.com\\\/#organization\"},\"potentialAction\":[{\"@type\":\"SearchAction\",\"target\":{\"@type\":\"EntryPoint\",\"urlTemplate\":\"https:\\\/\\\/malin-krk.com\\\/?s={search_term_string}\"},\"query-input\":{\"@type\":\"PropertyValueSpecification\",\"valueRequired\":true,\"valueName\":\"search_term_string\"}}],\"inLanguage\":\"de\"},{\"@type\":\"Organization\",\"@id\":\"https:\\\/\\\/malin-krk.com\\\/#organization\",\"name\":\"Malin Krk\",\"url\":\"https:\\\/\\\/malin-krk.com\\\/\",\"logo\":{\"@type\":\"ImageObject\",\"inLanguage\":\"de\",\"@id\":\"https:\\\/\\\/malin-krk.com\\\/#\\\/schema\\\/logo\\\/image\\\/\",\"url\":\"https:\\\/\\\/malin-krk.com\\\/wp-content\\\/uploads\\\/2024\\\/02\\\/malin-logo.jpg\",\"contentUrl\":\"https:\\\/\\\/malin-krk.com\\\/wp-content\\\/uploads\\\/2024\\\/02\\\/malin-logo.jpg\",\"width\":280,\"height\":96,\"caption\":\"Malin Krk\"},\"image\":{\"@id\":\"https:\\\/\\\/malin-krk.com\\\/#\\\/schema\\\/logo\\\/image\\\/\"},\"sameAs\":[\"https:\\\/\\\/www.facebook.com\\\/hotelmalin\\\/\"]}]}<\/script>\n<!-- \/ Yoast SEO plugin. -->","yoast_head_json":{"title":"SOMMER IM CAMP TIHA - Malin Krk","description":"Starten Sie perfekt in den Sommer mit unserem Spezialangebot im Camp Tiha \u2013 der ideale Familienurlaub in Premium-Mobilheimen in Meeresn\u00e4he. Verpassen Sie nicht diese einmalige Gelegenheit!","robots":{"index":"index","follow":"follow","max-snippet":"max-snippet:-1","max-image-preview":"max-image-preview:large","max-video-preview":"max-video-preview:-1"},"canonical":"https:\/\/malin-krk.com\/de\/camp-tiha-silo\/sonderangebote\/sommer-im-camp-tiha\/","og_locale":"de_DE","og_type":"article","og_title":"SOMMER IM CAMP TIHA - Malin Krk","og_description":"Starten Sie perfekt in den Sommer mit unserem Spezialangebot im Camp Tiha \u2013 der ideale Familienurlaub in Premium-Mobilheimen in Meeresn\u00e4he. Verpassen Sie nicht diese einmalige Gelegenheit!","og_url":"https:\/\/malin-krk.com\/de\/camp-tiha-silo\/sonderangebote\/sommer-im-camp-tiha\/","og_site_name":"Malin Krk","article_publisher":"https:\/\/www.facebook.com\/hotelmalin\/","article_modified_time":"2025-05-09T12:54:21+00:00","og_image":[{"width":2300,"height":1530,"url":"https:\/\/malin-krk.com\/wp-content\/uploads\/2025\/05\/KAMP_SILO-0035-2.jpg","type":"image\/jpeg"}],"twitter_card":"summary_large_image","schema":{"@context":"https:\/\/schema.org","@graph":[{"@type":"WebPage","@id":"https:\/\/malin-krk.com\/de\/camp-tiha-silo\/sonderangebote\/sommer-im-camp-tiha\/","url":"https:\/\/malin-krk.com\/de\/camp-tiha-silo\/sonderangebote\/sommer-im-camp-tiha\/","name":"SOMMER IM CAMP TIHA - Malin Krk","isPartOf":{"@id":"https:\/\/malin-krk.com\/#website"},"primaryImageOfPage":{"@id":"https:\/\/malin-krk.com\/de\/camp-tiha-silo\/sonderangebote\/sommer-im-camp-tiha\/#primaryimage"},"image":{"@id":"https:\/\/malin-krk.com\/de\/camp-tiha-silo\/sonderangebote\/sommer-im-camp-tiha\/#primaryimage"},"thumbnailUrl":"https:\/\/malin-krk.com\/wp-content\/uploads\/2025\/05\/KAMP_SILO-0035-2.jpg","datePublished":"2025-05-09T09:13:13+00:00","dateModified":"2025-05-09T12:54:21+00:00","description":"Starten Sie perfekt in den Sommer mit unserem Spezialangebot im Camp Tiha \u2013 der ideale Familienurlaub in Premium-Mobilheimen in Meeresn\u00e4he. Verpassen Sie nicht diese einmalige Gelegenheit!","breadcrumb":{"@id":"https:\/\/malin-krk.com\/de\/camp-tiha-silo\/sonderangebote\/sommer-im-camp-tiha\/#breadcrumb"},"inLanguage":"de","potentialAction":[{"@type":"ReadAction","target":["https:\/\/malin-krk.com\/de\/camp-tiha-silo\/sonderangebote\/sommer-im-camp-tiha\/"]}]},{"@type":"ImageObject","inLanguage":"de","@id":"https:\/\/malin-krk.com\/de\/camp-tiha-silo\/sonderangebote\/sommer-im-camp-tiha\/#primaryimage","url":"https:\/\/malin-krk.com\/wp-content\/uploads\/2025\/05\/KAMP_SILO-0035-2.jpg","contentUrl":"https:\/\/malin-krk.com\/wp-content\/uploads\/2025\/05\/KAMP_SILO-0035-2.jpg","width":2300,"height":1530},{"@type":"BreadcrumbList","@id":"https:\/\/malin-krk.com\/de\/camp-tiha-silo\/sonderangebote\/sommer-im-camp-tiha\/#breadcrumb","itemListElement":[{"@type":"ListItem","position":1,"name":"Home","item":"https:\/\/malin-krk.com\/de\/"},{"@type":"ListItem","position":2,"name":"Camp Tiha \u0160ilo","item":"https:\/\/malin-krk.com\/de\/camp-tiha-silo\/"},{"@type":"ListItem","position":3,"name":"Sonderangebote Camp Tiha","item":"https:\/\/malin-krk.com\/de\/camp-tiha-silo\/sonderangebote\/"},{"@type":"ListItem","position":4,"name":"SOMMER IM CAMP TIHA"}]},{"@type":"WebSite","@id":"https:\/\/malin-krk.com\/#website","url":"https:\/\/malin-krk.com\/","name":"Malin Krk","description":"","publisher":{"@id":"https:\/\/malin-krk.com\/#organization"},"potentialAction":[{"@type":"SearchAction","target":{"@type":"EntryPoint","urlTemplate":"https:\/\/malin-krk.com\/?s={search_term_string}"},"query-input":{"@type":"PropertyValueSpecification","valueRequired":true,"valueName":"search_term_string"}}],"inLanguage":"de"},{"@type":"Organization","@id":"https:\/\/malin-krk.com\/#organization","name":"Malin Krk","url":"https:\/\/malin-krk.com\/","logo":{"@type":"ImageObject","inLanguage":"de","@id":"https:\/\/malin-krk.com\/#\/schema\/logo\/image\/","url":"https:\/\/malin-krk.com\/wp-content\/uploads\/2024\/02\/malin-logo.jpg","contentUrl":"https:\/\/malin-krk.com\/wp-content\/uploads\/2024\/02\/malin-logo.jpg","width":280,"height":96,"caption":"Malin Krk"},"image":{"@id":"https:\/\/malin-krk.com\/#\/schema\/logo\/image\/"},"sameAs":["https:\/\/www.facebook.com\/hotelmalin\/"]}]}},"_links":{"self":[{"href":"https:\/\/malin-krk.com\/de\/wp-json\/wp\/v2\/pages\/32487","targetHints":{"allow":["GET"]}}],"collection":[{"href":"https:\/\/malin-krk.com\/de\/wp-json\/wp\/v2\/pages"}],"about":[{"href":"https:\/\/malin-krk.com\/de\/wp-json\/wp\/v2\/types\/page"}],"author":[{"embeddable":true,"href":"https:\/\/malin-krk.com\/de\/wp-json\/wp\/v2\/users\/2"}],"replies":[{"embeddable":true,"href":"https:\/\/malin-krk.com\/de\/wp-json\/wp\/v2\/comments?post=32487"}],"version-history":[{"count":7,"href":"https:\/\/malin-krk.com\/de\/wp-json\/wp\/v2\/pages\/32487\/revisions"}],"predecessor-version":[{"id":32551,"href":"https:\/\/malin-krk.com\/de\/wp-json\/wp\/v2\/pages\/32487\/revisions\/32551"}],"up":[{"embeddable":true,"href":"https:\/\/malin-krk.com\/de\/wp-json\/wp\/v2\/pages\/24653"}],"wp:featuredmedia":[{"embeddable":true,"href":"https:\/\/malin-krk.com\/de\/wp-json\/wp\/v2\/media\/32496"}],"wp:attachment":[{"href":"https:\/\/malin-krk.com\/de\/wp-json\/wp\/v2\/media?parent=32487"}],"curies":[{"name":"wp","href":"https:\/\/api.w.org\/{rel}","templated":true}]}}