{"id":30488,"date":"2024-08-16T14:40:05","date_gmt":"2024-08-16T12:40:05","guid":{"rendered":"https:\/\/malin-krk.com\/?page_id=30488"},"modified":"2024-09-16T11:30:18","modified_gmt":"2024-09-16T09:30:18","slug":"herbstferien-im-camp-tiha","status":"publish","type":"page","link":"https:\/\/malin-krk.com\/de\/herbstferien-im-camp-tiha\/","title":{"rendered":"Herbstferien im Camp Tiha"},"content":{"rendered":"<!DOCTYPE html PUBLIC \"-\/\/W3C\/\/DTD HTML 4.0 Transitional\/\/EN\" \"http:\/\/www.w3.org\/TR\/REC-html40\/loose.dtd\">\n<html><body><p>G&ouml;nnen Sie sich einen erholsamen Urlaub im Herzen der Natur mit einem speziellen Angebot im Camp Tiha. Genie&szlig;en Sie den Komfort moderner Mobilheime, umgeben vom Meer, dem Duft von Kiefern und der mediterranen Sonne. Herbstferien im Camp Tiha ist ideal, um den Menschenmassen zu entfliehen und bietet Ruhe, Frieden und eine perfekte Kombination aus nat&uuml;rlicher Sch&ouml;nheit und Komfort. Das Camp Tiha in &Scaron;il0 liegt in der N&auml;he vieler interessanter Ausflugsziele und ist daher ein idealer Ausgangspunkt. Wussten Sie, dass Sie die gesamte Insel Krk in sieben Tagen zu Fu&szlig; erkunden k&ouml;nnen? Begeben Sie sich auf ein Wanderabenteuer f&uuml;r Naturliebhaber und entdecken Sie die ganze Sch&ouml;nheit und Vielfalt der Goldenen Insel.<\/p>\n<p><strong>Das Angebot ist g&uuml;ltig im Zeitraum: 16.09.-03.11.2024.<\/strong><\/p>\n<p>Das Paket beinhaltet:<br>\n&bull; 2, 3 oder 7 N&auml;chte f&uuml;r bis zu 4 Personen im Mobilheim<br>\n&bull; Nutzung des Tennisplatzes mit Ausr&uuml;stung f&uuml;r 2 Stunden (mit vorheriger Reservierung, einmal w&auml;hrend des Aufenthalts)<br>\n&bull; Parkplatz f&uuml;r 1 Auto<br>\n&bull; Endreinigung<br>\n&bull; Bettw&auml;sche + Handt&uuml;cher ein Set<\/p>\n\n\t\t\t\t\t\t<ul class='img-galerija list-inline list-unstyled fancybox-show-nav'>\n\n\t\t\t\t\t\t\t\n\t\t\t\t\t\t\t<li class=\"col-md-4 col-sm-6 col-xs-4 thumb-wrapper\">\n\t\t\t\t\t\t\t\t<a class=\"fancybox\" data-fancybox=\"group\" rel=\"group\" data-title=\"Herbstferien im Camp Tiha\" href=\"https:\/\/malin-krk.com\/wp-content\/uploads\/2024\/08\/IMG_3528.jpg\" data-title=\"Herbstferien im Camp Tiha\">\n\t\t\t\t\t\t\t\t\t<img decoding=\"async\" class=\"thumb img-responsive\" src=\"https:\/\/malin-krk.com\/wp-content\/uploads\/2024\/08\/IMG_3528-400x400.jpg\" alt=\"Herbstferien im Camp Tiha\">\n\t\t\t\t\t\t\t\t<\/a>\n\t\t\t\t\t\t\t<\/li>\n\n\t\t\t\t\t\t\t\n\t\t\t\t\t\t\t<li class=\"col-md-4 col-sm-6 col-xs-4 thumb-wrapper\">\n\t\t\t\t\t\t\t\t<a class=\"fancybox\" data-fancybox=\"group\" rel=\"group\" data-title=\"Herbstferien im Camp Tiha\" href=\"https:\/\/malin-krk.com\/wp-content\/uploads\/2024\/08\/IMG_3532.jpg\" data-title=\"Herbstferien im Camp Tiha\">\n\t\t\t\t\t\t\t\t\t<img decoding=\"async\" class=\"thumb img-responsive\" src=\"https:\/\/malin-krk.com\/wp-content\/uploads\/2024\/08\/IMG_3532-400x400.jpg\" alt=\"Herbstferien im Camp Tiha\">\n\t\t\t\t\t\t\t\t<\/a>\n\t\t\t\t\t\t\t<\/li>\n\n\t\t\t\t\t\t\t\n\t\t\t\t\t\t\t<li class=\"col-md-4 col-sm-6 col-xs-4 thumb-wrapper\">\n\t\t\t\t\t\t\t\t<a class=\"fancybox\" data-fancybox=\"group\" rel=\"group\" data-title=\"Herbstferien im Camp Tiha\" href=\"https:\/\/malin-krk.com\/wp-content\/uploads\/2024\/08\/KAMP_SILO-0060.jpg\" data-title=\"Herbstferien im Camp Tiha\">\n\t\t\t\t\t\t\t\t\t<img decoding=\"async\" class=\"thumb img-responsive\" src=\"https:\/\/malin-krk.com\/wp-content\/uploads\/2024\/08\/KAMP_SILO-0060-400x400.jpg\" alt=\"Herbstferien im Camp Tiha\">\n\t\t\t\t\t\t\t\t<\/a>\n\t\t\t\t\t\t\t<\/li>\n\n\t\t\t\t\t\t\t\t\t\t\t\t\t<\/ul>\n\t\t\t\t\t\t\n<p><strong>Paketpreis:<\/strong><\/p>\n<p>Paket von 2 N&auml;chten: 155,00 &euro;<\/p>\n<p>Paket von 3 N&auml;chten:&nbsp;230,00 &euro;<\/p>\n<p>Paket von 7 N&auml;chten: &nbsp;525,00 &euro;<\/p>\n<p>Verl&auml;ngerungsnacht: &nbsp;75,00 &euro;<\/p>\n<p>&nbsp;<\/p>\n<p><strong>Obligatorische Zuschl&auml;ge an der Rezeption:<\/strong><br>\n&bull; Kurtaxe (1,80 &euro; pro Person\/Tag)<br>\n&bull; Anmeldung (1,00 &euro; pro Person einmalig)<br>\nDie Nutzung des Mobilheims ist am Anreisetag ab 16 Uhr m&ouml;glich. Am Abreisetag ist das Mobilheim bis 10 Uhr freizugeben.<\/p>\n<p>\n<strong>Optionale Extras bei Buchung:<\/strong><br>\n&bull; Aufpreis Premium Mobilheim 10,00 &euro;\/Tag<br>\n&bull; Aufpreis Superior Mobilheim 15,00 &euro;\/Tag<br>\n&bull; Aufpreis Luxus Mobilheim 25,00 &euro;\/Tag<br>\n&bull; Aufpreis Deluxe Mobilheim 35,00 &euro;\/Tag<br>\n&bull; Haustier: 15,00 &euro; pro Haustier und Tag (max. 2 Haustiere)<\/p>\n\n\t\t\t\t\t\t<ul class='img-galerija list-inline list-unstyled fancybox-show-nav'>\n\n\t\t\t\t\t\t\t\n\t\t\t\t\t\t\t<li class=\"col-md-4 col-sm-6 col-xs-4 thumb-wrapper\">\n\t\t\t\t\t\t\t\t<a class=\"fancybox\" data-fancybox=\"group\" rel=\"group\" data-title=\"Herbstferien im Camp Tiha\" href=\"https:\/\/malin-krk.com\/wp-content\/uploads\/2024\/03\/DJI_0485.jpg\" data-title=\"Herbstferien im Camp Tiha\">\n\t\t\t\t\t\t\t\t\t<img decoding=\"async\" class=\"thumb img-responsive\" src=\"https:\/\/malin-krk.com\/wp-content\/uploads\/2024\/03\/DJI_0485-400x400.jpg\" alt=\"Herbstferien im Camp Tiha\">\n\t\t\t\t\t\t\t\t<\/a>\n\t\t\t\t\t\t\t<\/li>\n\n\t\t\t\t\t\t\t\n\t\t\t\t\t\t\t<li class=\"col-md-4 col-sm-6 col-xs-4 thumb-wrapper\">\n\t\t\t\t\t\t\t\t<a class=\"fancybox\" data-fancybox=\"group\" rel=\"group\" data-title=\"Herbstferien im Camp Tiha\" href=\"https:\/\/malin-krk.com\/wp-content\/uploads\/2023\/11\/KAMP_SILO_2023-0132.jpg\" data-title=\"Herbstferien im Camp Tiha\">\n\t\t\t\t\t\t\t\t\t<img decoding=\"async\" class=\"thumb img-responsive\" src=\"https:\/\/malin-krk.com\/wp-content\/uploads\/2023\/11\/KAMP_SILO_2023-0132-400x400.jpg\" alt=\"Herbstferien im Camp Tiha\">\n\t\t\t\t\t\t\t\t<\/a>\n\t\t\t\t\t\t\t<\/li>\n\n\t\t\t\t\t\t\t\n\t\t\t\t\t\t\t<li class=\"col-md-4 col-sm-6 col-xs-4 thumb-wrapper\">\n\t\t\t\t\t\t\t\t<a class=\"fancybox\" data-fancybox=\"group\" rel=\"group\" data-title=\"Herbstferien im Camp Tiha\" href=\"https:\/\/malin-krk.com\/wp-content\/uploads\/2023\/11\/KAMP_SILO_2023-0109.jpg\" data-title=\"Herbstferien im Camp Tiha\">\n\t\t\t\t\t\t\t\t\t<img decoding=\"async\" class=\"thumb img-responsive\" src=\"https:\/\/malin-krk.com\/wp-content\/uploads\/2023\/11\/KAMP_SILO_2023-0109-400x400.jpg\" alt=\"Herbstferien im Camp Tiha\">\n\t\t\t\t\t\t\t\t<\/a>\n\t\t\t\t\t\t\t<\/li>\n\n\t\t\t\t\t\t\t\t\t\t\t\t\t<\/ul>\n\t\t\t\t\t\t\n<p><strong>Standard-Mobilheim<\/strong><\/p>\n<p>Sch&ouml;n und einfach, ideal f&uuml;r 4 Personen. Gr&ouml;&szlig;e 22 m2 (7,3 m x 3 m). Im mediterranen Stil dekoriert, mit dekorativem Stein verkleidet; stellt einen echten kleinen Prototyp eines Steinhauses dar, typisch f&uuml;r das Klima der Insel. Es besteht aus 2 Schlafzimmern, 1 Badezimmer, Wohnzimmer und K&uuml;chenzeile. Ausgestattet mit Klimaanlage, Fernseher, &uuml;berdachter Terrasse mit Sitzgelegenheiten und Liegest&uuml;hlen.<\/p>\n<p><strong>Restaurant Porti&#263;<\/strong><\/p>\n<p>Wenn Sie ein echtes K&uuml;stenambiente suchen, empfehlen wir Ihnen einen Besuch in unserem Restaurant Porti&#263; im Zentrum von &Scaron;ilo, wo Sie eine Vielzahl hausgemachter Gerichte aus lokalen Zutaten genie&szlig;en k&ouml;nnen.<\/p>\n<p>&nbsp;<\/p>\n<p><strong>Reservierungen:<\/strong><\/p>\n<p><strong>reservations@camp.tiha.hr <\/strong><\/p>\n<p><strong>T: 051 850 129<\/strong><\/p>\n<p>&nbsp;<\/p>\n\n<div class=\"wpcf7 no-js\" id=\"wpcf7-f863-o1\" lang=\"hr-HR\" dir=\"ltr\" data-wpcf7-id=\"863\">\n<div class=\"screen-reader-response\"><p role=\"status\" aria-live=\"polite\" aria-atomic=\"true\"><\/p> <ul><\/ul><\/div>\n<form action=\"\/de\/wp-json\/wp\/v2\/pages\/30488#wpcf7-f863-o1\" method=\"post\" class=\"wpcf7-form init\" aria-label=\"Kontaktformular\" novalidate=\"novalidate\" data-status=\"init\">\n<fieldset class=\"hidden-fields-container\"><input type=\"hidden\" name=\"_wpcf7\" value=\"863\" \/><input type=\"hidden\" name=\"_wpcf7_version\" value=\"6.1.5\" \/><input type=\"hidden\" name=\"_wpcf7_locale\" value=\"hr_HR\" \/><input type=\"hidden\" name=\"_wpcf7_unit_tag\" value=\"wpcf7-f863-o1\" \/><input type=\"hidden\" name=\"_wpcf7_container_post\" value=\"0\" \/><input type=\"hidden\" name=\"_wpcf7_posted_data_hash\" value=\"\" \/>\n<\/fieldset>\n<p><label>Vor- und Nachname*<br \/>\n<span class=\"wpcf7-form-control-wrap\" data-name=\"your-name\"><input size=\"40\" maxlength=\"400\" class=\"wpcf7-form-control wpcf7-text wpcf7-validates-as-required\" aria-required=\"true\" aria-invalid=\"false\" value=\"\" type=\"text\" name=\"your-name\" \/><\/span> <\/label>\n<\/p>\n<p><label>E-mail*<br \/>\n<span class=\"wpcf7-form-control-wrap\" data-name=\"your-email\"><input size=\"40\" maxlength=\"400\" class=\"wpcf7-form-control wpcf7-email wpcf7-validates-as-required wpcf7-text wpcf7-validates-as-email\" aria-required=\"true\" aria-invalid=\"false\" value=\"\" type=\"email\" name=\"your-email\" \/><\/span> <\/label>\n<\/p>\n<p><label>Betreff*<br \/>\n<span class=\"wpcf7-form-control-wrap\" data-name=\"your-subject\"><input size=\"40\" maxlength=\"400\" class=\"wpcf7-form-control wpcf7-text wpcf7-validates-as-required\" aria-required=\"true\" aria-invalid=\"false\" value=\"\" type=\"text\" name=\"your-subject\" \/><\/span> <\/label>\n<\/p>\n<p><label>Ihre Nachricht*<br \/>\n<span class=\"wpcf7-form-control-wrap\" data-name=\"your-message\"><textarea cols=\"40\" rows=\"10\" maxlength=\"2000\" class=\"wpcf7-form-control wpcf7-textarea wpcf7-validates-as-required\" aria-required=\"true\" aria-invalid=\"false\" name=\"your-message\"><\/textarea><\/span> <\/label>\n<\/p>\n<p><label>Empf\u00e4nger<br \/>\n<span class=\"wpcf7-form-control-wrap\" data-name=\"your-recipient\"><select class=\"wpcf7-form-control wpcf7-select wpcf7-validates-as-required\" aria-required=\"true\" aria-invalid=\"false\" name=\"your-recipient\"><option value=\"\">&#8211; Bitte ausw\u00e4hlen &#8211;<\/option><option value=\"Hotel Malin\">Hotel Malin<\/option><option value=\"Villen &amp; appartements\">Villen &amp; appartements<\/option><option value=\"Mobilheime\">Mobilheime<\/option><option value=\"Camp Tiha \u0160ilo\">Camp Tiha \u0160ilo<\/option><\/select><\/span><\/label>\n<\/p>\n<p><label>Captcha<br \/>\n<input type=\"hidden\" name=\"_wpcf7_captcha_challenge_captcha-1\" value=\"3841056928\" \/><img decoding=\"async\" class=\"wpcf7-form-control wpcf7-captchac wpcf7-captcha-captcha-1\" width=\"84\" height=\"28\" alt=\"captcha\" src=\"https:\/\/malin-krk.com\/wp-content\/uploads\/wpcf7_captcha\/3841056928.png\" \/><span class=\"wpcf7-form-control-wrap\" data-name=\"captcha-1\"><input size=\"40\" maxlength=\"100\" class=\"wpcf7-form-control wpcf7-captchar\" autocomplete=\"off\" aria-invalid=\"false\" placeholder=\"Zeichen eingeben\" value=\"\" type=\"text\" name=\"captcha-1\" \/><\/span><br \/>\n<\/label>\n<\/p>\n<p><span class=\"wpcf7-form-control-wrap\" data-name=\"your-consent\"><span class=\"wpcf7-form-control wpcf7-acceptance\"><span class=\"wpcf7-list-item\"><label><input type=\"checkbox\" name=\"your-consent\" value=\"1\" aria-invalid=\"false\" \/><span class=\"wpcf7-list-item-label\">Bitte markieren, damit Sie der Speicherung Ihrer Daten gem\u00e4\u00df den Richtlinien angef\u00fchrt in unserer <a href=\"https:\/\/malin-krk.com\/de\/allgemeine-nutzungsbedingungen\/\">Datenschutzerkl\u00e4rung zustimmen<\/a><\/span><\/label><\/span><\/span><\/span>\n<\/p>\n<p><input class=\"wpcf7-form-control wpcf7-submit has-spinner btn\" type=\"submit\" value=\"Senden\" \/>\n<\/p><div class=\"wpcf7-response-output\" aria-hidden=\"true\"><\/div>\n<\/form>\n<\/div>\n\n<\/body><\/html>\n","protected":false},"excerpt":{"rendered":"<p>G&ouml;nnen Sie sich einen erholsamen Urlaub im Herzen der Natur mit einem speziellen Angebot im Camp Tiha. Genie&szlig;en Sie den Komfort moderner Mobilheime, umgeben vom Meer, dem Duft von Kiefern und der mediterranen Sonne. Herbstferien im Camp Tiha ist ideal, um den Menschenmassen zu entfliehen und bietet Ruhe, Frieden und eine perfekte Kombination aus nat&uuml;rlicher [&hellip;]<\/p>\n","protected":false},"author":2,"featured_media":24489,"parent":0,"menu_order":0,"comment_status":"closed","ping_status":"closed","template":"","meta":{"_acf_changed":false,"footnotes":""},"class_list":["post-30488","page","type-page","status-publish","has-post-thumbnail","hentry"],"acf":[],"yoast_head":"<!-- This site is optimized with the Yoast SEO plugin v27.5 - https:\/\/yoast.com\/product\/yoast-seo-wordpress\/ -->\n<title>Herbstferien im Camp Tiha - Malin Krk<\/title>\n<meta name=\"description\" content=\"G\u00f6nnen Sie sich einen erholsamen Urlaub mitten in der Natur mit einem besonderen Herbstangebot im Camp Tiha.\" \/>\n<meta name=\"robots\" content=\"index, follow, max-snippet:-1, max-image-preview:large, max-video-preview:-1\" \/>\n<link rel=\"canonical\" href=\"https:\/\/malin-krk.com\/de\/herbstferien-im-camp-tiha\/\" \/>\n<meta property=\"og:locale\" content=\"de_DE\" \/>\n<meta property=\"og:type\" content=\"article\" \/>\n<meta property=\"og:title\" content=\"Herbstferien im Camp Tiha - Malin Krk\" \/>\n<meta property=\"og:description\" content=\"G\u00f6nnen Sie sich einen erholsamen Urlaub mitten in der Natur mit einem besonderen Herbstangebot im Camp Tiha.\" \/>\n<meta property=\"og:url\" content=\"https:\/\/malin-krk.com\/de\/herbstferien-im-camp-tiha\/\" \/>\n<meta property=\"og:site_name\" content=\"Malin Krk\" \/>\n<meta property=\"article:publisher\" content=\"https:\/\/www.facebook.com\/hotelmalin\/\" \/>\n<meta property=\"article:modified_time\" content=\"2024-09-16T09:30:18+00:00\" \/>\n<meta property=\"og:image\" content=\"https:\/\/malin-krk.com\/wp-content\/uploads\/2022\/09\/DJI_0483.jpg\" \/>\n\t<meta property=\"og:image:width\" content=\"2300\" \/>\n\t<meta property=\"og:image:height\" content=\"1532\" \/>\n\t<meta property=\"og:image:type\" content=\"image\/jpeg\" \/>\n<meta name=\"twitter:card\" content=\"summary_large_image\" \/>\n<script type=\"application\/ld+json\" class=\"yoast-schema-graph\">{\"@context\":\"https:\\\/\\\/schema.org\",\"@graph\":[{\"@type\":\"WebPage\",\"@id\":\"https:\\\/\\\/malin-krk.com\\\/de\\\/herbstferien-im-camp-tiha\\\/\",\"url\":\"https:\\\/\\\/malin-krk.com\\\/de\\\/herbstferien-im-camp-tiha\\\/\",\"name\":\"Herbstferien im Camp Tiha - Malin Krk\",\"isPartOf\":{\"@id\":\"https:\\\/\\\/malin-krk.com\\\/#website\"},\"primaryImageOfPage\":{\"@id\":\"https:\\\/\\\/malin-krk.com\\\/de\\\/herbstferien-im-camp-tiha\\\/#primaryimage\"},\"image\":{\"@id\":\"https:\\\/\\\/malin-krk.com\\\/de\\\/herbstferien-im-camp-tiha\\\/#primaryimage\"},\"thumbnailUrl\":\"https:\\\/\\\/malin-krk.com\\\/wp-content\\\/uploads\\\/2022\\\/09\\\/DJI_0483.jpg\",\"datePublished\":\"2024-08-16T12:40:05+00:00\",\"dateModified\":\"2024-09-16T09:30:18+00:00\",\"description\":\"G\u00f6nnen Sie sich einen erholsamen Urlaub mitten in der Natur mit einem besonderen Herbstangebot im Camp Tiha.\",\"breadcrumb\":{\"@id\":\"https:\\\/\\\/malin-krk.com\\\/de\\\/herbstferien-im-camp-tiha\\\/#breadcrumb\"},\"inLanguage\":\"de\",\"potentialAction\":[{\"@type\":\"ReadAction\",\"target\":[\"https:\\\/\\\/malin-krk.com\\\/de\\\/herbstferien-im-camp-tiha\\\/\"]}]},{\"@type\":\"ImageObject\",\"inLanguage\":\"de\",\"@id\":\"https:\\\/\\\/malin-krk.com\\\/de\\\/herbstferien-im-camp-tiha\\\/#primaryimage\",\"url\":\"https:\\\/\\\/malin-krk.com\\\/wp-content\\\/uploads\\\/2022\\\/09\\\/DJI_0483.jpg\",\"contentUrl\":\"https:\\\/\\\/malin-krk.com\\\/wp-content\\\/uploads\\\/2022\\\/09\\\/DJI_0483.jpg\",\"width\":2300,\"height\":1532},{\"@type\":\"BreadcrumbList\",\"@id\":\"https:\\\/\\\/malin-krk.com\\\/de\\\/herbstferien-im-camp-tiha\\\/#breadcrumb\",\"itemListElement\":[{\"@type\":\"ListItem\",\"position\":1,\"name\":\"Home\",\"item\":\"https:\\\/\\\/malin-krk.com\\\/de\\\/\"},{\"@type\":\"ListItem\",\"position\":2,\"name\":\"Herbstferien im Camp Tiha\"}]},{\"@type\":\"WebSite\",\"@id\":\"https:\\\/\\\/malin-krk.com\\\/#website\",\"url\":\"https:\\\/\\\/malin-krk.com\\\/\",\"name\":\"Malin Krk\",\"description\":\"\",\"publisher\":{\"@id\":\"https:\\\/\\\/malin-krk.com\\\/#organization\"},\"potentialAction\":[{\"@type\":\"SearchAction\",\"target\":{\"@type\":\"EntryPoint\",\"urlTemplate\":\"https:\\\/\\\/malin-krk.com\\\/?s={search_term_string}\"},\"query-input\":{\"@type\":\"PropertyValueSpecification\",\"valueRequired\":true,\"valueName\":\"search_term_string\"}}],\"inLanguage\":\"de\"},{\"@type\":\"Organization\",\"@id\":\"https:\\\/\\\/malin-krk.com\\\/#organization\",\"name\":\"Malin Krk\",\"url\":\"https:\\\/\\\/malin-krk.com\\\/\",\"logo\":{\"@type\":\"ImageObject\",\"inLanguage\":\"de\",\"@id\":\"https:\\\/\\\/malin-krk.com\\\/#\\\/schema\\\/logo\\\/image\\\/\",\"url\":\"https:\\\/\\\/malin-krk.com\\\/wp-content\\\/uploads\\\/2024\\\/02\\\/malin-logo.jpg\",\"contentUrl\":\"https:\\\/\\\/malin-krk.com\\\/wp-content\\\/uploads\\\/2024\\\/02\\\/malin-logo.jpg\",\"width\":280,\"height\":96,\"caption\":\"Malin Krk\"},\"image\":{\"@id\":\"https:\\\/\\\/malin-krk.com\\\/#\\\/schema\\\/logo\\\/image\\\/\"},\"sameAs\":[\"https:\\\/\\\/www.facebook.com\\\/hotelmalin\\\/\"]}]}<\/script>\n<!-- \/ Yoast SEO plugin. -->","yoast_head_json":{"title":"Herbstferien im Camp Tiha - Malin Krk","description":"G\u00f6nnen Sie sich einen erholsamen Urlaub mitten in der Natur mit einem besonderen Herbstangebot im Camp Tiha.","robots":{"index":"index","follow":"follow","max-snippet":"max-snippet:-1","max-image-preview":"max-image-preview:large","max-video-preview":"max-video-preview:-1"},"canonical":"https:\/\/malin-krk.com\/de\/herbstferien-im-camp-tiha\/","og_locale":"de_DE","og_type":"article","og_title":"Herbstferien im Camp Tiha - Malin Krk","og_description":"G\u00f6nnen Sie sich einen erholsamen Urlaub mitten in der Natur mit einem besonderen Herbstangebot im Camp Tiha.","og_url":"https:\/\/malin-krk.com\/de\/herbstferien-im-camp-tiha\/","og_site_name":"Malin Krk","article_publisher":"https:\/\/www.facebook.com\/hotelmalin\/","article_modified_time":"2024-09-16T09:30:18+00:00","og_image":[{"width":2300,"height":1532,"url":"https:\/\/malin-krk.com\/wp-content\/uploads\/2022\/09\/DJI_0483.jpg","type":"image\/jpeg"}],"twitter_card":"summary_large_image","schema":{"@context":"https:\/\/schema.org","@graph":[{"@type":"WebPage","@id":"https:\/\/malin-krk.com\/de\/herbstferien-im-camp-tiha\/","url":"https:\/\/malin-krk.com\/de\/herbstferien-im-camp-tiha\/","name":"Herbstferien im Camp Tiha - Malin Krk","isPartOf":{"@id":"https:\/\/malin-krk.com\/#website"},"primaryImageOfPage":{"@id":"https:\/\/malin-krk.com\/de\/herbstferien-im-camp-tiha\/#primaryimage"},"image":{"@id":"https:\/\/malin-krk.com\/de\/herbstferien-im-camp-tiha\/#primaryimage"},"thumbnailUrl":"https:\/\/malin-krk.com\/wp-content\/uploads\/2022\/09\/DJI_0483.jpg","datePublished":"2024-08-16T12:40:05+00:00","dateModified":"2024-09-16T09:30:18+00:00","description":"G\u00f6nnen Sie sich einen erholsamen Urlaub mitten in der Natur mit einem besonderen Herbstangebot im Camp Tiha.","breadcrumb":{"@id":"https:\/\/malin-krk.com\/de\/herbstferien-im-camp-tiha\/#breadcrumb"},"inLanguage":"de","potentialAction":[{"@type":"ReadAction","target":["https:\/\/malin-krk.com\/de\/herbstferien-im-camp-tiha\/"]}]},{"@type":"ImageObject","inLanguage":"de","@id":"https:\/\/malin-krk.com\/de\/herbstferien-im-camp-tiha\/#primaryimage","url":"https:\/\/malin-krk.com\/wp-content\/uploads\/2022\/09\/DJI_0483.jpg","contentUrl":"https:\/\/malin-krk.com\/wp-content\/uploads\/2022\/09\/DJI_0483.jpg","width":2300,"height":1532},{"@type":"BreadcrumbList","@id":"https:\/\/malin-krk.com\/de\/herbstferien-im-camp-tiha\/#breadcrumb","itemListElement":[{"@type":"ListItem","position":1,"name":"Home","item":"https:\/\/malin-krk.com\/de\/"},{"@type":"ListItem","position":2,"name":"Herbstferien im Camp Tiha"}]},{"@type":"WebSite","@id":"https:\/\/malin-krk.com\/#website","url":"https:\/\/malin-krk.com\/","name":"Malin Krk","description":"","publisher":{"@id":"https:\/\/malin-krk.com\/#organization"},"potentialAction":[{"@type":"SearchAction","target":{"@type":"EntryPoint","urlTemplate":"https:\/\/malin-krk.com\/?s={search_term_string}"},"query-input":{"@type":"PropertyValueSpecification","valueRequired":true,"valueName":"search_term_string"}}],"inLanguage":"de"},{"@type":"Organization","@id":"https:\/\/malin-krk.com\/#organization","name":"Malin Krk","url":"https:\/\/malin-krk.com\/","logo":{"@type":"ImageObject","inLanguage":"de","@id":"https:\/\/malin-krk.com\/#\/schema\/logo\/image\/","url":"https:\/\/malin-krk.com\/wp-content\/uploads\/2024\/02\/malin-logo.jpg","contentUrl":"https:\/\/malin-krk.com\/wp-content\/uploads\/2024\/02\/malin-logo.jpg","width":280,"height":96,"caption":"Malin Krk"},"image":{"@id":"https:\/\/malin-krk.com\/#\/schema\/logo\/image\/"},"sameAs":["https:\/\/www.facebook.com\/hotelmalin\/"]}]}},"_links":{"self":[{"href":"https:\/\/malin-krk.com\/de\/wp-json\/wp\/v2\/pages\/30488","targetHints":{"allow":["GET"]}}],"collection":[{"href":"https:\/\/malin-krk.com\/de\/wp-json\/wp\/v2\/pages"}],"about":[{"href":"https:\/\/malin-krk.com\/de\/wp-json\/wp\/v2\/types\/page"}],"author":[{"embeddable":true,"href":"https:\/\/malin-krk.com\/de\/wp-json\/wp\/v2\/users\/2"}],"replies":[{"embeddable":true,"href":"https:\/\/malin-krk.com\/de\/wp-json\/wp\/v2\/comments?post=30488"}],"version-history":[{"count":6,"href":"https:\/\/malin-krk.com\/de\/wp-json\/wp\/v2\/pages\/30488\/revisions"}],"predecessor-version":[{"id":30668,"href":"https:\/\/malin-krk.com\/de\/wp-json\/wp\/v2\/pages\/30488\/revisions\/30668"}],"wp:featuredmedia":[{"embeddable":true,"href":"https:\/\/malin-krk.com\/de\/wp-json\/wp\/v2\/media\/24489"}],"wp:attachment":[{"href":"https:\/\/malin-krk.com\/de\/wp-json\/wp\/v2\/media?parent=30488"}],"curies":[{"name":"wp","href":"https:\/\/api.w.org\/{rel}","templated":true}]}}