{"id":27951,"date":"2023-06-26T16:32:45","date_gmt":"2023-06-26T14:32:45","guid":{"rendered":"https:\/\/malin-krk.com\/camp-tiha-silo\/sonderangebote\/special-july-offer\/"},"modified":"2025-05-08T14:14:25","modified_gmt":"2025-05-08T12:14:25","slug":"fruehlingsferien","status":"publish","type":"page","link":"https:\/\/malin-krk.com\/de\/camp-tiha-silo\/sonderangebote\/fruehlingsferien\/","title":{"rendered":"FR\u00dcHLINGSFERIEN IM CAMP TIHA"},"content":{"rendered":"<!DOCTYPE html PUBLIC \"-\/\/W3C\/\/DTD HTML 4.0 Transitional\/\/EN\" \"http:\/\/www.w3.org\/TR\/REC-html40\/loose.dtd\">\n<html><body><p style=\"text-align: center;\">Nutzen Sie das Sonderangebot im Camp Tiha in &Scaron;ilo und genie&szlig;en Sie einen ruhigen Urlaub am Meer. Perfekt f&uuml;r ein Familien- und aktives Sommerabenteuer bietet der Campingplatz erstklassige Bedingungen zum Entspannen und Erkunden der Sch&ouml;nheiten der Insel Krk zu erschwinglichen Preisen. Lassen Sie sich diese einmalige Gelegenheit nicht entgehen!<\/p>\n<p style=\"text-align: center;\"><strong>Das Angebot ist g&uuml;ltig vom 15.04.-01.06.2025.<\/strong><\/p>\n<p><strong>Das Paket beinhaltet:<\/strong><br>\n&bull; 2 oder 3 N&auml;chte f&uuml;r bis zu 4 Personen im Standard-Mobilheim<br>\n&bull; Nutzung des Tennisplatzes mit Ausr&uuml;stung f&uuml;r 2 Stunden (mit vorheriger Reservierung, einmal w&auml;hrend des Aufenthalts)<br>\n&bull; Parkplatz f&uuml;r 1 Auto<br>\n&bull; 1 Haustier (muss bei Buchung angemeldet werden)<br>\n&bull; Endreinigung<br>\n&bull; Bettw&auml;sche + Handt&uuml;cher ein Set<\/p>\n<p><strong>WILLKOMMENSGESCHENK ZU OSTERN:<\/strong><br>\n&bull; Eine Flasche Wein<br>\n&bull; Pint<br>\n&bull; Geschenk f&uuml;r Kinder (gef&auml;rbte Ostereier und Pralinen)<\/p>\n<p><strong>Zeitraum<\/strong><\/p>\n<p><strong>15.04.-18.04.<\/strong><\/p>\n<ul>\n<li>2-N&auml;chte-Paket &ndash; 110,00 &euro;<\/li>\n<li>Verl&auml;ngerungsnacht: &ndash; 55,00 &euro;<\/li>\n<\/ul>\n<p><strong>21.04.-30.04. \/ 04.05.-10.05.<\/strong><\/p>\n<ul>\n<li>2-N&auml;chte-Paket &ndash; 145,00 &euro;<\/li>\n<li>Verl&auml;ngerungsnacht: &ndash; 72,50 &euro;<\/li>\n<\/ul>\n<p><span style=\"font-size: 12pt;\"><strong>10.05.- 01.06.<\/strong><\/span><\/p>\n<ul>\n<li>2-N&auml;chte-Paket &ndash; 165,00 &euro;<\/li>\n<li>Verl&auml;ngerungsnacht: &ndash; 82,50 &euro;<\/li>\n<\/ul>\n<p><strong>18.04.-21.04. \/ 30.04.-04.05.<\/strong><\/p>\n<ul>\n<li>3-N&auml;chte-Paket &ndash; 225,00 &euro;<\/li>\n<li>Verl&auml;ngerungsnacht: &ndash; 75,00 &euro;<\/li>\n<\/ul>\n<p><strong>AKTIVIT&Auml;TEN IM REISEZIEL<\/strong><br>\nNehmen Sie an den kostenlosen gef&uuml;hrten Wanderungen am 01.05. und 10.05. teil. und 17.05.?<\/p>\n<p>Das Camp Tiha in &Scaron;ilo liegt in der N&auml;he vieler interessanter Ausflugsziele und ist daher ein idealer Ausgangspunkt. Wussten Sie, dass Sie die gesamte Insel Krk in sieben Tagen umrunden k&ouml;nnen? Begeben Sie sich auf ein Wanderabenteuer f&uuml;r Naturliebhaber und entdecken Sie die ganze Sch&ouml;nheit und Vielfalt der Golden Island.<\/p>\n<p>Die gef&uuml;hrten Wanderungen sind Rundwanderungen ohne gro&szlig;e Anstrengung und bis zu 10 km lang.<\/p>\n<p><strong>&bull; Erster Spaziergang 01.05.<\/strong> Sie beginnt im Zentrum von &Scaron;ilo, wo sich der Campingplatz Tiha befindet, und f&uuml;hrt in Richtung der Stadt Polje, durch &#381;upanja und zur&uuml;ck nach &Scaron;ilo.<\/p>\n<p><strong>&bull; Zweiter Spaziergang 10.05.<\/strong> Es beginnt in &#268;i&#382;i&#263;i, einem Ort etwa 8 km vom Campingplatz Tiha entfernt. Mit dem Auto sind es nur 5 Minuten nach &#268;i&#382;i&#263;i. Von &#268;i&#382;i&#263;i aus brechen Sie mit einem F&uuml;hrer nach Su&#382;an auf, dann &uuml;ber Tribulj zur&uuml;ck nach Melin und anschlie&szlig;end nach &#268;i&#382;i&#263;i.<\/p>\n<p><strong>&bull; Dritter Spaziergang, 17.05.<\/strong> Sie beginnt in Dobrinj &uuml;ber Klanice, Melin, Solin und kehrt zur&uuml;ck nach Dobrinj. Vom Camp Tiha nach Dobrinje dauert es etwa 5 Minuten. Autofahrt (Entfernung 6 km).<\/p>\n<p><strong>TIPP:<\/strong> Passen Sie Ihre Kleidung der Jahreszeit an, w&auml;hlen Sie festes und bequemes Schuhwerk f&uuml;r l&auml;ngere Wanderungen, bringen Sie Schutz vor Sonne, Regen und Wind mit: eine Windjacke, eine<\/p>\n<p>Kopfbedeckung (Hut oder M&uuml;tze), Sonnenbrille. Und genie&szlig;en Sie die Sch&ouml;nheit der Natur!<\/p>\n<p><strong>Obligatorische Zuschl&auml;ge an der Rezeption:<\/strong><br>\n&bull; Kurtaxe (1,99 &euro; pro Person\/Tag); Kinder bis 12 Jahre. zahlen keine Kurtaxe und Kinder von 12 bis 18 Jahren. sie zahlen 50%.<br>\n&bull; Anmeldung (1,50 &euro; pro Person, einmalige Geb&uuml;hr)<br>\nDie Nutzung des Mobilheimes ist am Anreisetag ab 16.00 Uhr m&ouml;glich. Am Abreisetag ist der Check-out bis 10:00 Uhr m&ouml;glich.<\/p>\n<p><strong>Optionale Extras an der Rezeption:<\/strong><br>\n&bull; Premium-Mobilheim-Zuschlag 10 &euro;\/Tag<br>\n&bull; Zuschlag f&uuml;r Superior Mobilheim 15 &euro; \/ Tag<br>\n&bull; Zuschlag f&uuml;r Luxusmobilheim 25 &euro;\/Tag<br>\n&bull; Zuschlag f&uuml;r Deluxe Mobilheim 35 &euro; \/ Tag<\/p>\n<p><strong>Mobilheim Standard<\/strong><\/p>\n<p>Sch&ouml;n und einfach, ideal f&uuml;r 4 Personen. Gr&ouml;&szlig;e 22 m2 (7,3 m * 3 m). Im mediterranen Stil dekoriert, mit dekorativen Steinen verkleidet; Es handelt sich um einen echten kleinen Prototyp eines Steinhauses, typisch f&uuml;r das Klima der Insel. Es besteht aus 2 Schlafzimmern, 1 Badezimmer, Wohnzimmer und K&uuml;chenzeile. Ausgestattet mit Klimaanlage, Fernseher, &uuml;berdachter Terrasse mit Sitzgelegenheiten und Liegest&uuml;hlen.<\/p>\n<p style=\"text-align: center;\"><strong>Reservierungen: reservations@camp.tiha.hr<\/strong><\/p>\n<p style=\"text-align: center;\"><strong>T: 051 850 129<\/strong><\/p>\n<p><strong>Informationen und Reservierungen:<\/strong><\/p>\n\n<div class=\"wpcf7 no-js\" id=\"wpcf7-f863-o1\" lang=\"hr-HR\" dir=\"ltr\" data-wpcf7-id=\"863\">\n<div class=\"screen-reader-response\"><p role=\"status\" aria-live=\"polite\" aria-atomic=\"true\"><\/p> <ul><\/ul><\/div>\n<form action=\"\/de\/wp-json\/wp\/v2\/pages\/27951#wpcf7-f863-o1\" method=\"post\" class=\"wpcf7-form init\" aria-label=\"Kontaktformular\" novalidate=\"novalidate\" data-status=\"init\">\n<fieldset class=\"hidden-fields-container\"><input type=\"hidden\" name=\"_wpcf7\" value=\"863\" \/><input type=\"hidden\" name=\"_wpcf7_version\" value=\"6.1.5\" \/><input type=\"hidden\" name=\"_wpcf7_locale\" value=\"hr_HR\" \/><input type=\"hidden\" name=\"_wpcf7_unit_tag\" value=\"wpcf7-f863-o1\" \/><input type=\"hidden\" name=\"_wpcf7_container_post\" value=\"0\" \/><input type=\"hidden\" name=\"_wpcf7_posted_data_hash\" value=\"\" \/>\n<\/fieldset>\n<p><label>Vor- und Nachname*<br \/>\n<span class=\"wpcf7-form-control-wrap\" data-name=\"your-name\"><input size=\"40\" maxlength=\"400\" class=\"wpcf7-form-control wpcf7-text wpcf7-validates-as-required\" aria-required=\"true\" aria-invalid=\"false\" value=\"\" type=\"text\" name=\"your-name\" \/><\/span> <\/label>\n<\/p>\n<p><label>E-mail*<br \/>\n<span class=\"wpcf7-form-control-wrap\" data-name=\"your-email\"><input size=\"40\" maxlength=\"400\" class=\"wpcf7-form-control wpcf7-email wpcf7-validates-as-required wpcf7-text wpcf7-validates-as-email\" aria-required=\"true\" aria-invalid=\"false\" value=\"\" type=\"email\" name=\"your-email\" \/><\/span> <\/label>\n<\/p>\n<p><label>Betreff*<br \/>\n<span class=\"wpcf7-form-control-wrap\" data-name=\"your-subject\"><input size=\"40\" maxlength=\"400\" class=\"wpcf7-form-control wpcf7-text wpcf7-validates-as-required\" aria-required=\"true\" aria-invalid=\"false\" value=\"\" type=\"text\" name=\"your-subject\" \/><\/span> <\/label>\n<\/p>\n<p><label>Ihre Nachricht*<br \/>\n<span class=\"wpcf7-form-control-wrap\" data-name=\"your-message\"><textarea cols=\"40\" rows=\"10\" maxlength=\"2000\" class=\"wpcf7-form-control wpcf7-textarea wpcf7-validates-as-required\" aria-required=\"true\" aria-invalid=\"false\" name=\"your-message\"><\/textarea><\/span> <\/label>\n<\/p>\n<p><label>Empf\u00e4nger<br \/>\n<span class=\"wpcf7-form-control-wrap\" data-name=\"your-recipient\"><select class=\"wpcf7-form-control wpcf7-select wpcf7-validates-as-required\" aria-required=\"true\" aria-invalid=\"false\" name=\"your-recipient\"><option value=\"\">&#8211; Bitte ausw\u00e4hlen &#8211;<\/option><option value=\"Hotel Malin\">Hotel Malin<\/option><option value=\"Villen &amp; appartements\">Villen &amp; appartements<\/option><option value=\"Mobilheime\">Mobilheime<\/option><option value=\"Camp Tiha \u0160ilo\">Camp Tiha \u0160ilo<\/option><\/select><\/span><\/label>\n<\/p>\n<p><label>Captcha<br \/>\n<input type=\"hidden\" name=\"_wpcf7_captcha_challenge_captcha-1\" value=\"3979489531\" \/><img decoding=\"async\" class=\"wpcf7-form-control wpcf7-captchac wpcf7-captcha-captcha-1\" width=\"84\" height=\"28\" alt=\"captcha\" src=\"https:\/\/malin-krk.com\/wp-content\/uploads\/wpcf7_captcha\/3979489531.png\" \/><span class=\"wpcf7-form-control-wrap\" data-name=\"captcha-1\"><input size=\"40\" maxlength=\"100\" class=\"wpcf7-form-control wpcf7-captchar\" autocomplete=\"off\" aria-invalid=\"false\" placeholder=\"Zeichen eingeben\" value=\"\" type=\"text\" name=\"captcha-1\" \/><\/span><br \/>\n<\/label>\n<\/p>\n<p><span class=\"wpcf7-form-control-wrap\" data-name=\"your-consent\"><span class=\"wpcf7-form-control wpcf7-acceptance\"><span class=\"wpcf7-list-item\"><label><input type=\"checkbox\" name=\"your-consent\" value=\"1\" aria-invalid=\"false\" \/><span class=\"wpcf7-list-item-label\">Bitte markieren, damit Sie der Speicherung Ihrer Daten gem\u00e4\u00df den Richtlinien angef\u00fchrt in unserer <a href=\"https:\/\/malin-krk.com\/de\/allgemeine-nutzungsbedingungen\/\">Datenschutzerkl\u00e4rung zustimmen<\/a><\/span><\/label><\/span><\/span><\/span>\n<\/p>\n<p><input class=\"wpcf7-form-control wpcf7-submit has-spinner btn\" type=\"submit\" value=\"Senden\" \/>\n<\/p><div class=\"wpcf7-response-output\" aria-hidden=\"true\"><\/div>\n<\/form>\n<\/div>\n\n<\/body><\/html>\n","protected":false},"excerpt":{"rendered":"<p>Nutzen Sie das Sonderangebot im Camp Tiha in &Scaron;ilo und genie&szlig;en Sie einen ruhigen Urlaub am Meer. Perfekt f&uuml;r ein Familien- und aktives Sommerabenteuer bietet der Campingplatz erstklassige Bedingungen zum Entspannen und Erkunden der Sch&ouml;nheiten der Insel Krk zu erschwinglichen Preisen. Lassen Sie sich diese einmalige Gelegenheit nicht entgehen! Das Angebot ist g&uuml;ltig vom 15.04.-01.06.2025. [&hellip;]<\/p>\n","protected":false},"author":2,"featured_media":29494,"parent":24653,"menu_order":0,"comment_status":"closed","ping_status":"closed","template":"","meta":{"_acf_changed":false,"footnotes":""},"class_list":["post-27951","page","type-page","status-publish","has-post-thumbnail","hentry"],"acf":[],"yoast_head":"<!-- This site is optimized with the Yoast SEO plugin v27.5 - https:\/\/yoast.com\/product\/yoast-seo-wordpress\/ -->\n<title>FR\u00dcHLINGSFERIEN IM CAMP TIHA - FR\u00dcHLINGSFERIEN IM CAMP TIHA<\/title>\n<meta name=\"description\" content=\"Wenn Sie unber\u00fchrte Natur, die N\u00e4he zum Meer und das Zirpen der Grillen m\u00f6gen, denken Sie nicht lange nach, denn wir haben ein tolles Angebot f\u00fcr Sie.\" \/>\n<meta name=\"robots\" content=\"index, follow, max-snippet:-1, max-image-preview:large, max-video-preview:-1\" \/>\n<link rel=\"canonical\" href=\"https:\/\/malin-krk.com\/de\/camp-tiha-silo\/sonderangebote\/fruehlingsferien\/\" \/>\n<meta property=\"og:locale\" content=\"de_DE\" \/>\n<meta property=\"og:type\" content=\"article\" \/>\n<meta property=\"og:title\" content=\"FR\u00dcHLINGSFERIEN IM CAMP TIHA - FR\u00dcHLINGSFERIEN IM CAMP TIHA\" \/>\n<meta property=\"og:description\" content=\"Wenn Sie unber\u00fchrte Natur, die N\u00e4he zum Meer und das Zirpen der Grillen m\u00f6gen, denken Sie nicht lange nach, denn wir haben ein tolles Angebot f\u00fcr Sie.\" \/>\n<meta property=\"og:url\" content=\"https:\/\/malin-krk.com\/de\/camp-tiha-silo\/sonderangebote\/fruehlingsferien\/\" \/>\n<meta property=\"og:site_name\" content=\"Malin Krk\" \/>\n<meta property=\"article:publisher\" content=\"https:\/\/www.facebook.com\/hotelmalin\/\" \/>\n<meta property=\"article:modified_time\" content=\"2025-05-08T12:14:25+00:00\" \/>\n<meta property=\"og:image\" content=\"https:\/\/malin-krk.com\/wp-content\/uploads\/2024\/03\/DJI_0485-1.jpg\" \/>\n\t<meta property=\"og:image:width\" content=\"2300\" \/>\n\t<meta property=\"og:image:height\" content=\"1532\" \/>\n\t<meta property=\"og:image:type\" content=\"image\/jpeg\" \/>\n<meta name=\"twitter:card\" content=\"summary_large_image\" \/>\n<script type=\"application\/ld+json\" class=\"yoast-schema-graph\">{\"@context\":\"https:\\\/\\\/schema.org\",\"@graph\":[{\"@type\":\"WebPage\",\"@id\":\"https:\\\/\\\/malin-krk.com\\\/de\\\/camp-tiha-silo\\\/sonderangebote\\\/fruehlingsferien\\\/\",\"url\":\"https:\\\/\\\/malin-krk.com\\\/de\\\/camp-tiha-silo\\\/sonderangebote\\\/fruehlingsferien\\\/\",\"name\":\"FR\u00dcHLINGSFERIEN IM CAMP TIHA - FR\u00dcHLINGSFERIEN IM CAMP TIHA\",\"isPartOf\":{\"@id\":\"https:\\\/\\\/malin-krk.com\\\/#website\"},\"primaryImageOfPage\":{\"@id\":\"https:\\\/\\\/malin-krk.com\\\/de\\\/camp-tiha-silo\\\/sonderangebote\\\/fruehlingsferien\\\/#primaryimage\"},\"image\":{\"@id\":\"https:\\\/\\\/malin-krk.com\\\/de\\\/camp-tiha-silo\\\/sonderangebote\\\/fruehlingsferien\\\/#primaryimage\"},\"thumbnailUrl\":\"https:\\\/\\\/malin-krk.com\\\/wp-content\\\/uploads\\\/2024\\\/03\\\/DJI_0485-1.jpg\",\"datePublished\":\"2023-06-26T14:32:45+00:00\",\"dateModified\":\"2025-05-08T12:14:25+00:00\",\"description\":\"Wenn Sie unber\u00fchrte Natur, die N\u00e4he zum Meer und das Zirpen der Grillen m\u00f6gen, denken Sie nicht lange nach, denn wir haben ein tolles Angebot f\u00fcr Sie.\",\"breadcrumb\":{\"@id\":\"https:\\\/\\\/malin-krk.com\\\/de\\\/camp-tiha-silo\\\/sonderangebote\\\/fruehlingsferien\\\/#breadcrumb\"},\"inLanguage\":\"de\",\"potentialAction\":[{\"@type\":\"ReadAction\",\"target\":[\"https:\\\/\\\/malin-krk.com\\\/de\\\/camp-tiha-silo\\\/sonderangebote\\\/fruehlingsferien\\\/\"]}]},{\"@type\":\"ImageObject\",\"inLanguage\":\"de\",\"@id\":\"https:\\\/\\\/malin-krk.com\\\/de\\\/camp-tiha-silo\\\/sonderangebote\\\/fruehlingsferien\\\/#primaryimage\",\"url\":\"https:\\\/\\\/malin-krk.com\\\/wp-content\\\/uploads\\\/2024\\\/03\\\/DJI_0485-1.jpg\",\"contentUrl\":\"https:\\\/\\\/malin-krk.com\\\/wp-content\\\/uploads\\\/2024\\\/03\\\/DJI_0485-1.jpg\",\"width\":2300,\"height\":1532},{\"@type\":\"BreadcrumbList\",\"@id\":\"https:\\\/\\\/malin-krk.com\\\/de\\\/camp-tiha-silo\\\/sonderangebote\\\/fruehlingsferien\\\/#breadcrumb\",\"itemListElement\":[{\"@type\":\"ListItem\",\"position\":1,\"name\":\"Home\",\"item\":\"https:\\\/\\\/malin-krk.com\\\/de\\\/\"},{\"@type\":\"ListItem\",\"position\":2,\"name\":\"Camp Tiha \u0160ilo\",\"item\":\"https:\\\/\\\/malin-krk.com\\\/de\\\/camp-tiha-silo\\\/\"},{\"@type\":\"ListItem\",\"position\":3,\"name\":\"Sonderangebote Camp Tiha\",\"item\":\"https:\\\/\\\/malin-krk.com\\\/de\\\/camp-tiha-silo\\\/sonderangebote\\\/\"},{\"@type\":\"ListItem\",\"position\":4,\"name\":\"FR\u00dcHLINGSFERIEN IM CAMP TIHA\"}]},{\"@type\":\"WebSite\",\"@id\":\"https:\\\/\\\/malin-krk.com\\\/#website\",\"url\":\"https:\\\/\\\/malin-krk.com\\\/\",\"name\":\"Malin Krk\",\"description\":\"\",\"publisher\":{\"@id\":\"https:\\\/\\\/malin-krk.com\\\/#organization\"},\"potentialAction\":[{\"@type\":\"SearchAction\",\"target\":{\"@type\":\"EntryPoint\",\"urlTemplate\":\"https:\\\/\\\/malin-krk.com\\\/?s={search_term_string}\"},\"query-input\":{\"@type\":\"PropertyValueSpecification\",\"valueRequired\":true,\"valueName\":\"search_term_string\"}}],\"inLanguage\":\"de\"},{\"@type\":\"Organization\",\"@id\":\"https:\\\/\\\/malin-krk.com\\\/#organization\",\"name\":\"Malin Krk\",\"url\":\"https:\\\/\\\/malin-krk.com\\\/\",\"logo\":{\"@type\":\"ImageObject\",\"inLanguage\":\"de\",\"@id\":\"https:\\\/\\\/malin-krk.com\\\/#\\\/schema\\\/logo\\\/image\\\/\",\"url\":\"https:\\\/\\\/malin-krk.com\\\/wp-content\\\/uploads\\\/2024\\\/02\\\/malin-logo.jpg\",\"contentUrl\":\"https:\\\/\\\/malin-krk.com\\\/wp-content\\\/uploads\\\/2024\\\/02\\\/malin-logo.jpg\",\"width\":280,\"height\":96,\"caption\":\"Malin Krk\"},\"image\":{\"@id\":\"https:\\\/\\\/malin-krk.com\\\/#\\\/schema\\\/logo\\\/image\\\/\"},\"sameAs\":[\"https:\\\/\\\/www.facebook.com\\\/hotelmalin\\\/\"]}]}<\/script>\n<!-- \/ Yoast SEO plugin. -->","yoast_head_json":{"title":"FR\u00dcHLINGSFERIEN IM CAMP TIHA - FR\u00dcHLINGSFERIEN IM CAMP TIHA","description":"Wenn Sie unber\u00fchrte Natur, die N\u00e4he zum Meer und das Zirpen der Grillen m\u00f6gen, denken Sie nicht lange nach, denn wir haben ein tolles Angebot f\u00fcr Sie.","robots":{"index":"index","follow":"follow","max-snippet":"max-snippet:-1","max-image-preview":"max-image-preview:large","max-video-preview":"max-video-preview:-1"},"canonical":"https:\/\/malin-krk.com\/de\/camp-tiha-silo\/sonderangebote\/fruehlingsferien\/","og_locale":"de_DE","og_type":"article","og_title":"FR\u00dcHLINGSFERIEN IM CAMP TIHA - FR\u00dcHLINGSFERIEN IM CAMP TIHA","og_description":"Wenn Sie unber\u00fchrte Natur, die N\u00e4he zum Meer und das Zirpen der Grillen m\u00f6gen, denken Sie nicht lange nach, denn wir haben ein tolles Angebot f\u00fcr Sie.","og_url":"https:\/\/malin-krk.com\/de\/camp-tiha-silo\/sonderangebote\/fruehlingsferien\/","og_site_name":"Malin Krk","article_publisher":"https:\/\/www.facebook.com\/hotelmalin\/","article_modified_time":"2025-05-08T12:14:25+00:00","og_image":[{"width":2300,"height":1532,"url":"https:\/\/malin-krk.com\/wp-content\/uploads\/2024\/03\/DJI_0485-1.jpg","type":"image\/jpeg"}],"twitter_card":"summary_large_image","schema":{"@context":"https:\/\/schema.org","@graph":[{"@type":"WebPage","@id":"https:\/\/malin-krk.com\/de\/camp-tiha-silo\/sonderangebote\/fruehlingsferien\/","url":"https:\/\/malin-krk.com\/de\/camp-tiha-silo\/sonderangebote\/fruehlingsferien\/","name":"FR\u00dcHLINGSFERIEN IM CAMP TIHA - FR\u00dcHLINGSFERIEN IM CAMP TIHA","isPartOf":{"@id":"https:\/\/malin-krk.com\/#website"},"primaryImageOfPage":{"@id":"https:\/\/malin-krk.com\/de\/camp-tiha-silo\/sonderangebote\/fruehlingsferien\/#primaryimage"},"image":{"@id":"https:\/\/malin-krk.com\/de\/camp-tiha-silo\/sonderangebote\/fruehlingsferien\/#primaryimage"},"thumbnailUrl":"https:\/\/malin-krk.com\/wp-content\/uploads\/2024\/03\/DJI_0485-1.jpg","datePublished":"2023-06-26T14:32:45+00:00","dateModified":"2025-05-08T12:14:25+00:00","description":"Wenn Sie unber\u00fchrte Natur, die N\u00e4he zum Meer und das Zirpen der Grillen m\u00f6gen, denken Sie nicht lange nach, denn wir haben ein tolles Angebot f\u00fcr Sie.","breadcrumb":{"@id":"https:\/\/malin-krk.com\/de\/camp-tiha-silo\/sonderangebote\/fruehlingsferien\/#breadcrumb"},"inLanguage":"de","potentialAction":[{"@type":"ReadAction","target":["https:\/\/malin-krk.com\/de\/camp-tiha-silo\/sonderangebote\/fruehlingsferien\/"]}]},{"@type":"ImageObject","inLanguage":"de","@id":"https:\/\/malin-krk.com\/de\/camp-tiha-silo\/sonderangebote\/fruehlingsferien\/#primaryimage","url":"https:\/\/malin-krk.com\/wp-content\/uploads\/2024\/03\/DJI_0485-1.jpg","contentUrl":"https:\/\/malin-krk.com\/wp-content\/uploads\/2024\/03\/DJI_0485-1.jpg","width":2300,"height":1532},{"@type":"BreadcrumbList","@id":"https:\/\/malin-krk.com\/de\/camp-tiha-silo\/sonderangebote\/fruehlingsferien\/#breadcrumb","itemListElement":[{"@type":"ListItem","position":1,"name":"Home","item":"https:\/\/malin-krk.com\/de\/"},{"@type":"ListItem","position":2,"name":"Camp Tiha \u0160ilo","item":"https:\/\/malin-krk.com\/de\/camp-tiha-silo\/"},{"@type":"ListItem","position":3,"name":"Sonderangebote Camp Tiha","item":"https:\/\/malin-krk.com\/de\/camp-tiha-silo\/sonderangebote\/"},{"@type":"ListItem","position":4,"name":"FR\u00dcHLINGSFERIEN IM CAMP TIHA"}]},{"@type":"WebSite","@id":"https:\/\/malin-krk.com\/#website","url":"https:\/\/malin-krk.com\/","name":"Malin Krk","description":"","publisher":{"@id":"https:\/\/malin-krk.com\/#organization"},"potentialAction":[{"@type":"SearchAction","target":{"@type":"EntryPoint","urlTemplate":"https:\/\/malin-krk.com\/?s={search_term_string}"},"query-input":{"@type":"PropertyValueSpecification","valueRequired":true,"valueName":"search_term_string"}}],"inLanguage":"de"},{"@type":"Organization","@id":"https:\/\/malin-krk.com\/#organization","name":"Malin Krk","url":"https:\/\/malin-krk.com\/","logo":{"@type":"ImageObject","inLanguage":"de","@id":"https:\/\/malin-krk.com\/#\/schema\/logo\/image\/","url":"https:\/\/malin-krk.com\/wp-content\/uploads\/2024\/02\/malin-logo.jpg","contentUrl":"https:\/\/malin-krk.com\/wp-content\/uploads\/2024\/02\/malin-logo.jpg","width":280,"height":96,"caption":"Malin Krk"},"image":{"@id":"https:\/\/malin-krk.com\/#\/schema\/logo\/image\/"},"sameAs":["https:\/\/www.facebook.com\/hotelmalin\/"]}]}},"_links":{"self":[{"href":"https:\/\/malin-krk.com\/de\/wp-json\/wp\/v2\/pages\/27951","targetHints":{"allow":["GET"]}}],"collection":[{"href":"https:\/\/malin-krk.com\/de\/wp-json\/wp\/v2\/pages"}],"about":[{"href":"https:\/\/malin-krk.com\/de\/wp-json\/wp\/v2\/types\/page"}],"author":[{"embeddable":true,"href":"https:\/\/malin-krk.com\/de\/wp-json\/wp\/v2\/users\/2"}],"replies":[{"embeddable":true,"href":"https:\/\/malin-krk.com\/de\/wp-json\/wp\/v2\/comments?post=27951"}],"version-history":[{"count":9,"href":"https:\/\/malin-krk.com\/de\/wp-json\/wp\/v2\/pages\/27951\/revisions"}],"predecessor-version":[{"id":32409,"href":"https:\/\/malin-krk.com\/de\/wp-json\/wp\/v2\/pages\/27951\/revisions\/32409"}],"up":[{"embeddable":true,"href":"https:\/\/malin-krk.com\/de\/wp-json\/wp\/v2\/pages\/24653"}],"wp:featuredmedia":[{"embeddable":true,"href":"https:\/\/malin-krk.com\/de\/wp-json\/wp\/v2\/media\/29494"}],"wp:attachment":[{"href":"https:\/\/malin-krk.com\/de\/wp-json\/wp\/v2\/media?parent=27951"}],"curies":[{"name":"wp","href":"https:\/\/api.w.org\/{rel}","templated":true}]}}